{"id":10,"date":"2019-10-23T11:50:41","date_gmt":"2019-10-23T09:50:41","guid":{"rendered":"https:\/\/sktthemesdemo.net\/medical\/?page_id=10"},"modified":"2026-03-26T22:15:15","modified_gmt":"2026-03-26T21:15:15","slug":"inici","status":"publish","type":"page","link":"https:\/\/www.gesoriaportaferrada.com\/de\/","title":{"rendered":"Inici"},"content":{"rendered":"<div data-elementor-type=\"wp-page\" data-elementor-id=\"10\" class=\"elementor elementor-10\" data-elementor-post-type=\"page\">\n\t\t\t\t<div class=\"elementor-element elementor-element-37c5415 e-con-full e-flex e-con e-parent\" data-id=\"37c5415\" data-element_type=\"container\" data-e-type=\"container\">\n\t\t\t\t<div class=\"elementor-element elementor-element-bb63138 elementor--h-position-center elementor--v-position-middle elementor-arrows-position-inside elementor-widget elementor-widget-slides\" data-id=\"bb63138\" data-element_type=\"widget\" data-e-type=\"widget\" data-settings=\"{&quot;navigation&quot;:&quot;arrows&quot;,&quot;autoplay_speed&quot;:3000,&quot;transition&quot;:&quot;fade&quot;,&quot;transition_speed&quot;:1000,&quot;autoplay&quot;:&quot;yes&quot;,&quot;infinite&quot;:&quot;yes&quot;}\" data-widget_type=\"slides.default\">\n\t\t\t\t\t\t\t\t\t\t<div class=\"elementor-slides-wrapper elementor-main-swiper swiper\" role=\"region\" aria-roledescription=\"carousel\" aria-label=\"Diapositivas\" dir=\"ltr\" data-animation=\"\">\n\t\t\t\t<div class=\"swiper-wrapper elementor-slides\">\n\t\t\t\t\t\t\t\t\t\t<div class=\"elementor-repeater-item-f4f4ded swiper-slide\" role=\"group\" aria-roledescription=\"slide\"><div class=\"swiper-slide-bg elementor-ken-burns elementor-ken-burns--in\" role=\"img\" aria-label=\"Ges\u00f2ria Porta Ferrada\"><\/div><div class=\"swiper-slide-inner\" ><div class=\"swiper-slide-contents\"><\/div><\/div><\/div><div class=\"elementor-repeater-item-abfd486 swiper-slide\" role=\"group\" aria-roledescription=\"slide\"><div class=\"swiper-slide-bg elementor-ken-burns elementor-ken-burns--out\" role=\"img\" aria-label=\"Ges\u00f2ria Porta Ferrada - Hotel, Estudis i Apartaments - Sant Feliu de Gu\u00edxols - Inici - Presentaci\u00f3 02\"><\/div><div class=\"swiper-slide-inner\" ><div class=\"swiper-slide-contents\"><\/div><\/div><\/div><div class=\"elementor-repeater-item-b4dd3ca swiper-slide\" role=\"group\" aria-roledescription=\"slide\"><div class=\"swiper-slide-bg elementor-ken-burns elementor-ken-burns--in\" role=\"img\" aria-label=\"Ges\u00f2ria Porta Ferrada - Hotel, Estudis i Apartaments - Sant Feliu de Gu\u00edxols - Inici - Presentaci\u00f3 03\"><\/div><div class=\"swiper-slide-inner\" ><div class=\"swiper-slide-contents\"><\/div><\/div><\/div><div class=\"elementor-repeater-item-909d243 swiper-slide\" role=\"group\" aria-roledescription=\"slide\"><div class=\"swiper-slide-bg elementor-ken-burns elementor-ken-burns--out\" role=\"img\" aria-label=\"Ges\u00f2ria Porta Ferrada - Hotel, Estudis i Apartaments - Sant Feliu de Gu\u00edxols - Inici - Presentaci\u00f3 04\"><\/div><div class=\"swiper-slide-inner\" ><div class=\"swiper-slide-contents\"><\/div><\/div><\/div><div class=\"elementor-repeater-item-f312363 swiper-slide\" role=\"group\" aria-roledescription=\"slide\"><div class=\"swiper-slide-bg elementor-ken-burns elementor-ken-burns--in\" role=\"img\" aria-label=\"Ges\u00f2ria Porta Ferrada - Hotel, Estudis i Apartaments - Sant Feliu de Gu\u00edxols - Inici - Presentaci\u00f3 05\"><\/div><div class=\"swiper-slide-inner\" ><div class=\"swiper-slide-contents\"><\/div><\/div><\/div><div class=\"elementor-repeater-item-982a1e2 swiper-slide\" role=\"group\" aria-roledescription=\"slide\"><div class=\"swiper-slide-bg elementor-ken-burns elementor-ken-burns--out\" role=\"img\" aria-label=\"Ges\u00f2ria Porta Ferrada - Hotel, Estudis i Apartaments - Sant Feliu de Gu\u00edxols - Inici - Presentaci\u00f3 06\"><\/div><div class=\"swiper-slide-inner\" ><div class=\"swiper-slide-contents\"><\/div><\/div><\/div><div class=\"elementor-repeater-item-07a04fc swiper-slide\" role=\"group\" aria-roledescription=\"slide\"><div class=\"swiper-slide-bg elementor-ken-burns elementor-ken-burns--in\" role=\"img\" aria-label=\"Ges\u00f2ria Porta Ferrada - Hotel, Estudis i Apartaments - Sant Feliu de Gu\u00edxols - Inici - Presentaci\u00f3 07\"><\/div><div class=\"swiper-slide-inner\" ><div class=\"swiper-slide-contents\"><\/div><\/div><\/div><div class=\"elementor-repeater-item-6e1d88d swiper-slide\" role=\"group\" aria-roledescription=\"slide\"><div class=\"swiper-slide-bg elementor-ken-burns elementor-ken-burns--out\" role=\"img\" aria-label=\"Ges\u00f2ria Porta Ferrada - Hotel, Estudis i Apartaments - Sant Feliu de Gu\u00edxols - Inici - Presentaci\u00f3 08\"><\/div><div class=\"swiper-slide-inner\" ><div class=\"swiper-slide-contents\"><\/div><\/div><\/div><div class=\"elementor-repeater-item-d3892eb swiper-slide\" role=\"group\" aria-roledescription=\"slide\"><div class=\"swiper-slide-bg elementor-ken-burns elementor-ken-burns--in\" role=\"img\" aria-label=\"Ges\u00f2ria Porta Ferrada - Hotel, Estudis i Apartaments - Sant Feliu de Gu\u00edxols - Inici - Presentaci\u00f3 09\"><\/div><div class=\"swiper-slide-inner\" ><div class=\"swiper-slide-contents\"><\/div><\/div><\/div><div class=\"elementor-repeater-item-06b8717 swiper-slide\" role=\"group\" aria-roledescription=\"slide\"><div class=\"swiper-slide-bg elementor-ken-burns elementor-ken-burns--out\" role=\"img\" aria-label=\"Ges\u00f2ria Porta Ferrada - Hotel, Estudis i Apartaments - Sant Feliu de Gu\u00edxols - Inici - Presentaci\u00f3 10\"><\/div><div class=\"swiper-slide-inner\" ><div class=\"swiper-slide-contents\"><\/div><\/div><\/div>\t\t\t\t<\/div>\n\t\t\t\t\t\t\t\t\t\t\t\t\t\t\t<div class=\"elementor-swiper-button elementor-swiper-button-prev\" role=\"button\" tabindex=\"0\" aria-label=\"Previous slide\">\n\t\t\t\t\t\t\t<svg aria-hidden=\"true\" class=\"e-font-icon-svg e-eicon-chevron-left\" viewbox=\"0 0 1000 1000\" xmlns=\"http:\/\/www.w3.org\/2000\/svg\"><path d=\"M646 125C629 125 613 133 604 142L308 442C296 454 292 471 292 487 292 504 296 521 308 533L604 854C617 867 629 875 646 875 663 875 679 871 692 858 704 846 713 829 713 812 713 796 708 779 692 767L438 487 692 225C700 217 708 204 708 187 708 171 704 154 692 142 675 129 663 125 646 125Z\"><\/path><\/svg>\t\t\t\t\t\t<\/div>\n\t\t\t\t\t\t<div class=\"elementor-swiper-button elementor-swiper-button-next\" role=\"button\" tabindex=\"0\" aria-label=\"Next slide\">\n\t\t\t\t\t\t\t<svg aria-hidden=\"true\" class=\"e-font-icon-svg e-eicon-chevron-right\" viewbox=\"0 0 1000 1000\" xmlns=\"http:\/\/www.w3.org\/2000\/svg\"><path d=\"M696 533C708 521 713 504 713 487 713 471 708 454 696 446L400 146C388 133 375 125 354 125 338 125 325 129 313 142 300 154 292 171 292 187 292 204 296 221 308 233L563 492 304 771C292 783 288 800 288 817 288 833 296 850 308 863 321 871 338 875 354 875 371 875 388 867 400 854L696 533Z\"><\/path><\/svg>\t\t\t\t\t\t<\/div>\n\t\t\t\t\t\t\t\t\t\t\t\t\t\t\t\t\t<\/div>\n\t\t\t\t\t\t\t\t<\/div>\n\t\t\t\t<\/div>\n\t\t\t\t<section class=\"elementor-section elementor-top-section elementor-element elementor-element-35c52ac elementor-section-full_width elementor-section-height-default elementor-section-height-default\" data-id=\"35c52ac\" data-element_type=\"section\" data-e-type=\"section\" data-settings=\"{&quot;background_background&quot;:&quot;classic&quot;}\">\n\t\t\t\t\t\t<div class=\"elementor-container elementor-column-gap-default\">\n\t\t\t\t\t<div class=\"elementor-column elementor-col-100 elementor-top-column elementor-element elementor-element-ee4665b\" data-id=\"ee4665b\" data-element_type=\"column\" data-e-type=\"column\">\n\t\t\t<div class=\"elementor-widget-wrap elementor-element-populated\">\n\t\t\t\t\t\t<section class=\"elementor-section elementor-inner-section elementor-element elementor-element-edbbec6 elementor-section-boxed elementor-section-height-default elementor-section-height-default\" data-id=\"edbbec6\" data-element_type=\"section\" data-e-type=\"section\" data-settings=\"{&quot;background_background&quot;:&quot;classic&quot;}\">\n\t\t\t\t\t\t<div class=\"elementor-container elementor-column-gap-default\">\n\t\t\t\t\t<div class=\"elementor-column elementor-col-50 elementor-inner-column elementor-element elementor-element-1aba7fe\" data-id=\"1aba7fe\" data-element_type=\"column\" data-e-type=\"column\" data-settings=\"{&quot;background_background&quot;:&quot;classic&quot;}\">\n\t\t\t<div class=\"elementor-widget-wrap elementor-element-populated\">\n\t\t\t\t\t\t<div class=\"elementor-element elementor-element-5043e53 elementor-widget elementor-widget-heading\" data-id=\"5043e53\" data-element_type=\"widget\" data-e-type=\"widget\" data-widget_type=\"heading.default\">\n\t\t\t\t\t<h2 class=\"elementor-heading-title elementor-size-default\">GES\u00d2RIA PORTA FERRADA<\/h2>\t\t\t\t<\/div>\n\t\t\t\t<div class=\"elementor-element elementor-element-f2839bf elementor-widget elementor-widget-heading\" data-id=\"f2839bf\" data-element_type=\"widget\" data-e-type=\"widget\" data-widget_type=\"heading.default\">\n\t\t\t\t\t<h3 class=\"elementor-heading-title elementor-size-default\">Hotel, Studios und Apartments<\/h3>\t\t\t\t<\/div>\n\t\t\t\t<div class=\"elementor-element elementor-element-03c4dc3 elementor-widget elementor-widget-text-editor\" data-id=\"03c4dc3\" data-element_type=\"widget\" data-e-type=\"widget\" data-widget_type=\"text-editor.default\">\n\t\t\t\t\t\t\t\t\t<p>Gem\u00fctliches und Komfortables Hotel befindet sich nur 150 Meter vom strand von Sant Feliu de Guixols, herz der Costa Brava.<\/p><p>Der Name Gesoria stammt von der alt iberischen r\u00f6mischen siedlung: Jecsalis, Guixols, Gesoria...<\/p><p>Das Geb\u00e4ude ist um die imposante hundertj\u00e4hrige Magnolie seines Gartens herum gebaut in dem Garten K\u00f6nnen Sie sich ents panner und ausruhen.<\/p><p>Die Lage ist ausgezeichnet, direkt neben dem ehemaligen Kloster (Porta Ferrada, 10. Jahrhundert), in dem sich das Museum mit dem Espacio Thyssen befindet. Es liegt in unmittelbarer N\u00e4he zum Einkaufsviertel, dem traditionellen Markt, dem Busbahnhof, dem Parkplatz sowie dem Sportzentrum mit dem Hallenbad La Corxera. Ein Fahrradverleih ist optional verf\u00fcgbar.<\/p><p>In einem Nebengeb\u00e4ude befinden sich ein Yoga-Zentrum und ein Studio f\u00fcr Biodanza. Ganz in der N\u00e4he liegen zudem die Musikschule von Sant Feliu und ein Patchwork-Atelier. Das Musikfestival Porta Ferrada ist das \u00e4lteste an der Costa Brava.<\/p>\t\t\t\t\t\t\t\t<\/div>\n\t\t\t\t\t<\/div>\n\t\t<\/div>\n\t\t\t\t<div class=\"elementor-column elementor-col-50 elementor-inner-column elementor-element elementor-element-5f65f71\" data-id=\"5f65f71\" data-element_type=\"column\" data-e-type=\"column\">\n\t\t\t<div class=\"elementor-widget-wrap elementor-element-populated\">\n\t\t\t\t\t\t<div class=\"elementor-element elementor-element-b0a9470 elementor-widget elementor-widget-image\" data-id=\"b0a9470\" data-element_type=\"widget\" data-e-type=\"widget\" data-widget_type=\"image.default\">\n\t\t\t\t\t\t\t\t\t\t\t\t\t\t\t<img fetchpriority=\"high\" decoding=\"async\" width=\"526\" height=\"523\" src=\"https:\/\/www.gesoriaportaferrada.com\/wp-content\/uploads\/2021\/06\/Gesoria-Porta-Ferrada-Benvinguda.jpg\" class=\"attachment-full size-full wp-image-3479\" alt=\"Ges\u00f2ria Porta Ferrada - Benvinguda\" srcset=\"https:\/\/www.gesoriaportaferrada.com\/wp-content\/uploads\/2021\/06\/Gesoria-Porta-Ferrada-Benvinguda.jpg 526w, https:\/\/www.gesoriaportaferrada.com\/wp-content\/uploads\/2021\/06\/Gesoria-Porta-Ferrada-Benvinguda-300x298.jpg 300w, https:\/\/www.gesoriaportaferrada.com\/wp-content\/uploads\/2021\/06\/Gesoria-Porta-Ferrada-Benvinguda-150x150.jpg 150w\" sizes=\"(max-width: 526px) 100vw, 526px\" \/>\t\t\t\t\t\t\t\t\t\t\t\t\t\t\t<\/div>\n\t\t\t\t\t<\/div>\n\t\t<\/div>\n\t\t\t\t\t<\/div>\n\t\t<\/section>\n\t\t\t\t\t<\/div>\n\t\t<\/div>\n\t\t\t\t\t<\/div>\n\t\t<\/section>\n\t\t\t\t<section class=\"elementor-section elementor-top-section elementor-element elementor-element-6cf95d08 elementor-section-boxed elementor-section-height-default elementor-section-height-default\" data-id=\"6cf95d08\" data-element_type=\"section\" data-e-type=\"section\" data-settings=\"{&quot;background_background&quot;:&quot;classic&quot;}\">\n\t\t\t\t\t\t<div class=\"elementor-container elementor-column-gap-default\">\n\t\t\t\t\t<div class=\"elementor-column elementor-col-50 elementor-top-column elementor-element elementor-element-4d14e97e\" data-id=\"4d14e97e\" data-element_type=\"column\" data-e-type=\"column\" data-settings=\"{&quot;background_background&quot;:&quot;classic&quot;}\">\n\t\t\t<div class=\"elementor-widget-wrap elementor-element-populated\">\n\t\t\t\t\t\t<div class=\"elementor-element elementor-element-2db8282 elementor-widget elementor-widget-heading\" data-id=\"2db8282\" data-element_type=\"widget\" data-e-type=\"widget\" data-widget_type=\"heading.default\">\n\t\t\t\t\t<h2 class=\"elementor-heading-title elementor-size-xl\">Leistungen<\/h2>\t\t\t\t<\/div>\n\t\t\t\t<section class=\"elementor-section elementor-inner-section elementor-element elementor-element-d1dc22d elementor-section-boxed elementor-section-height-default elementor-section-height-default\" data-id=\"d1dc22d\" data-element_type=\"section\" data-e-type=\"section\">\n\t\t\t\t\t\t<div class=\"elementor-container elementor-column-gap-extended\">\n\t\t\t\t\t<div class=\"elementor-column elementor-col-33 elementor-inner-column elementor-element elementor-element-af7b5d1\" data-id=\"af7b5d1\" data-element_type=\"column\" data-e-type=\"column\">\n\t\t\t<div class=\"elementor-widget-wrap elementor-element-populated\">\n\t\t\t\t\t\t<div class=\"elementor-element elementor-element-1dfd7f1 elementor-position-top elementor-widget elementor-widget-image-box\" data-id=\"1dfd7f1\" data-element_type=\"widget\" data-e-type=\"widget\" data-widget_type=\"image-box.default\">\n\t\t\t\t\t<div class=\"elementor-image-box-wrapper\"><figure class=\"elementor-image-box-img\"><img decoding=\"async\" width=\"120\" height=\"120\" src=\"https:\/\/www.gesoriaportaferrada.com\/wp-content\/uploads\/2019\/06\/Wifi-Serveis-Hotel-Ges\u00f2ria-Porta-Ferrada.png\" class=\"elementor-animation-bounce-in attachment-full size-full wp-image-2327\" alt=\"Kostenloses WLAN\" \/><\/figure><div class=\"elementor-image-box-content\"><h3 class=\"elementor-image-box-title\">Kostenloses WLAN<\/h3><\/div><\/div>\t\t\t\t<\/div>\n\t\t\t\t\t<\/div>\n\t\t<\/div>\n\t\t\t\t<div class=\"elementor-column elementor-col-33 elementor-inner-column elementor-element elementor-element-30de9a0\" data-id=\"30de9a0\" data-element_type=\"column\" data-e-type=\"column\">\n\t\t\t<div class=\"elementor-widget-wrap elementor-element-populated\">\n\t\t\t\t\t\t<div class=\"elementor-element elementor-element-a4fdfe2 elementor-position-top elementor-widget elementor-widget-image-box\" data-id=\"a4fdfe2\" data-element_type=\"widget\" data-e-type=\"widget\" data-widget_type=\"image-box.default\">\n\t\t\t\t\t<div class=\"elementor-image-box-wrapper\"><figure class=\"elementor-image-box-img\"><img decoding=\"async\" width=\"120\" height=\"120\" src=\"https:\/\/www.gesoriaportaferrada.com\/wp-content\/uploads\/2019\/06\/Televisi\u00f3-Serveis-Hotel-Ges\u00f2ria-Porta-Ferrada.png\" class=\"elementor-animation-bounce-in attachment-full size-full wp-image-2326\" alt=\"TV-Lounge\" \/><\/figure><div class=\"elementor-image-box-content\"><h3 class=\"elementor-image-box-title\">TV-Lounge<\/h3><\/div><\/div>\t\t\t\t<\/div>\n\t\t\t\t\t<\/div>\n\t\t<\/div>\n\t\t\t\t<div class=\"elementor-column elementor-col-33 elementor-inner-column elementor-element elementor-element-ae82093\" data-id=\"ae82093\" data-element_type=\"column\" data-e-type=\"column\">\n\t\t\t<div class=\"elementor-widget-wrap elementor-element-populated\">\n\t\t\t\t\t\t<div class=\"elementor-element elementor-element-2bc6e97 elementor-position-top elementor-widget elementor-widget-image-box\" data-id=\"2bc6e97\" data-element_type=\"widget\" data-e-type=\"widget\" data-widget_type=\"image-box.default\">\n\t\t\t\t\t<div class=\"elementor-image-box-wrapper\"><figure class=\"elementor-image-box-img\"><img loading=\"lazy\" decoding=\"async\" width=\"120\" height=\"120\" src=\"https:\/\/www.gesoriaportaferrada.com\/wp-content\/uploads\/2019\/06\/Ascensor-Serveis-Hotel-Ges\u00f2ria-Porta-Ferrada.png\" class=\"elementor-animation-bounce-in attachment-full size-full wp-image-2319\" alt=\"Aufzug\" \/><\/figure><div class=\"elementor-image-box-content\"><h3 class=\"elementor-image-box-title\">Aufzug<\/h3><\/div><\/div>\t\t\t\t<\/div>\n\t\t\t\t\t<\/div>\n\t\t<\/div>\n\t\t\t\t\t<\/div>\n\t\t<\/section>\n\t\t\t\t<section class=\"elementor-section elementor-inner-section elementor-element elementor-element-9decab7 elementor-section-full_width elementor-section-height-default elementor-section-height-default\" data-id=\"9decab7\" data-element_type=\"section\" data-e-type=\"section\">\n\t\t\t\t\t\t<div class=\"elementor-container elementor-column-gap-narrow\">\n\t\t\t\t\t<div class=\"elementor-column elementor-col-33 elementor-inner-column elementor-element elementor-element-a6620c3\" data-id=\"a6620c3\" data-element_type=\"column\" data-e-type=\"column\">\n\t\t\t<div class=\"elementor-widget-wrap elementor-element-populated\">\n\t\t\t\t\t\t<div class=\"elementor-element elementor-element-8666ee8 elementor-position-top elementor-widget elementor-widget-image-box\" data-id=\"8666ee8\" data-element_type=\"widget\" data-e-type=\"widget\" data-widget_type=\"image-box.default\">\n\t\t\t\t\t<div class=\"elementor-image-box-wrapper\"><figure class=\"elementor-image-box-img\"><img loading=\"lazy\" decoding=\"async\" width=\"120\" height=\"120\" src=\"https:\/\/www.gesoriaportaferrada.com\/wp-content\/uploads\/2019\/06\/Caixa-seguretat-Serveis-Hotel-Ges\u00f2ria-Porta-Ferrada.png\" class=\"elementor-animation-bounce-in attachment-full size-full wp-image-2322\" alt=\"Safe\" \/><\/figure><div class=\"elementor-image-box-content\"><h3 class=\"elementor-image-box-title\">Safe<\/h3><\/div><\/div>\t\t\t\t<\/div>\n\t\t\t\t\t<\/div>\n\t\t<\/div>\n\t\t\t\t<div class=\"elementor-column elementor-col-33 elementor-inner-column elementor-element elementor-element-29c2b5b\" data-id=\"29c2b5b\" data-element_type=\"column\" data-e-type=\"column\">\n\t\t\t<div class=\"elementor-widget-wrap elementor-element-populated\">\n\t\t\t\t\t\t<div class=\"elementor-element elementor-element-95e1137 elementor-position-top elementor-widget elementor-widget-image-box\" data-id=\"95e1137\" data-element_type=\"widget\" data-e-type=\"widget\" data-widget_type=\"image-box.default\">\n\t\t\t\t\t<div class=\"elementor-image-box-wrapper\"><figure class=\"elementor-image-box-img\"><img loading=\"lazy\" decoding=\"async\" width=\"120\" height=\"120\" src=\"https:\/\/www.gesoriaportaferrada.com\/wp-content\/uploads\/2019\/06\/Jard\u00ed-Serveis-Hotel-Ges\u00f2ria-Porta-Ferrada.png\" class=\"elementor-animation-bounce-in attachment-full size-full wp-image-2324\" alt=\"Garten\" \/><\/figure><div class=\"elementor-image-box-content\"><h3 class=\"elementor-image-box-title\">Garten<\/h3><\/div><\/div>\t\t\t\t<\/div>\n\t\t\t\t\t<\/div>\n\t\t<\/div>\n\t\t\t\t<div class=\"elementor-column elementor-col-33 elementor-inner-column elementor-element elementor-element-03f8876\" data-id=\"03f8876\" data-element_type=\"column\" data-e-type=\"column\">\n\t\t\t<div class=\"elementor-widget-wrap elementor-element-populated\">\n\t\t\t\t\t\t<div class=\"elementor-element elementor-element-27fea0b elementor-position-top elementor-widget elementor-widget-image-box\" data-id=\"27fea0b\" data-element_type=\"widget\" data-e-type=\"widget\" data-widget_type=\"image-box.default\">\n\t\t\t\t\t<div class=\"elementor-image-box-wrapper\"><figure class=\"elementor-image-box-img\"><img loading=\"lazy\" decoding=\"async\" width=\"120\" height=\"120\" src=\"https:\/\/www.gesoriaportaferrada.com\/wp-content\/uploads\/2019\/06\/Bugaderia-Serveis-Hotel-Ges\u00f2ria-Porta-Ferrada.png\" class=\"elementor-animation-bounce-in attachment-full size-full wp-image-2321\" alt=\"W\u00e4scherei\" \/><\/figure><div class=\"elementor-image-box-content\"><h3 class=\"elementor-image-box-title\">W\u00e4scherei<\/h3><\/div><\/div>\t\t\t\t<\/div>\n\t\t\t\t\t<\/div>\n\t\t<\/div>\n\t\t\t\t\t<\/div>\n\t\t<\/section>\n\t\t\t\t\t<\/div>\n\t\t<\/div>\n\t\t\t\t<div class=\"elementor-column elementor-col-50 elementor-top-column elementor-element elementor-element-596c885\" data-id=\"596c885\" data-element_type=\"column\" data-e-type=\"column\" data-settings=\"{&quot;background_background&quot;:&quot;classic&quot;}\">\n\t\t\t<div class=\"elementor-widget-wrap\">\n\t\t\t\t\t\t\t<\/div>\n\t\t<\/div>\n\t\t\t\t\t<\/div>\n\t\t<\/section>\n\t\t\t\t<section class=\"elementor-section elementor-top-section elementor-element elementor-element-c6f6e5b elementor-section-boxed elementor-section-height-default elementor-section-height-default\" data-id=\"c6f6e5b\" data-element_type=\"section\" data-e-type=\"section\" data-settings=\"{&quot;background_background&quot;:&quot;classic&quot;}\">\n\t\t\t\t\t\t<div class=\"elementor-container elementor-column-gap-default\">\n\t\t\t\t\t<div class=\"elementor-column elementor-col-100 elementor-top-column elementor-element elementor-element-513029e\" data-id=\"513029e\" data-element_type=\"column\" data-e-type=\"column\" data-settings=\"{&quot;background_background&quot;:&quot;classic&quot;}\">\n\t\t\t<div class=\"elementor-widget-wrap elementor-element-populated\">\n\t\t\t\t\t\t<div class=\"elementor-element elementor-element-f445083 elementor-widget elementor-widget-heading\" data-id=\"f445083\" data-element_type=\"widget\" data-e-type=\"widget\" data-widget_type=\"heading.default\">\n\t\t\t\t\t<h2 class=\"elementor-heading-title elementor-size-default\">Fotogalerie<\/h2>\t\t\t\t<\/div>\n\t\t\t\t<div class=\"elementor-element elementor-element-51c736e elementor-arrows-position-inside elementor-widget elementor-widget-image-carousel\" data-id=\"51c736e\" data-element_type=\"widget\" data-e-type=\"widget\" data-settings=\"{&quot;slides_to_show&quot;:&quot;3&quot;,&quot;slides_to_scroll&quot;:&quot;1&quot;,&quot;image_spacing_custom&quot;:{&quot;unit&quot;:&quot;px&quot;,&quot;size&quot;:6,&quot;sizes&quot;:[]},&quot;navigation&quot;:&quot;arrows&quot;,&quot;autoplay_speed&quot;:4000,&quot;speed&quot;:1000,&quot;autoplay&quot;:&quot;yes&quot;,&quot;pause_on_hover&quot;:&quot;yes&quot;,&quot;infinite&quot;:&quot;yes&quot;,&quot;image_spacing_custom_tablet&quot;:{&quot;unit&quot;:&quot;px&quot;,&quot;size&quot;:&quot;&quot;,&quot;sizes&quot;:[]},&quot;image_spacing_custom_mobile&quot;:{&quot;unit&quot;:&quot;px&quot;,&quot;size&quot;:&quot;&quot;,&quot;sizes&quot;:[]}}\" data-widget_type=\"image-carousel.default\">\n\t\t\t\t\t\t\t<div class=\"elementor-image-carousel-wrapper swiper\" role=\"region\" aria-roledescription=\"carousel\" aria-label=\"Carrusel de im\u00e1genes\" dir=\"ltr\">\n\t\t\t<div class=\"elementor-image-carousel swiper-wrapper swiper-image-stretch\" aria-live=\"off\">\n\t\t\t\t\t\t\t\t<div class=\"swiper-slide\" role=\"group\" aria-roledescription=\"slide\" aria-label=\"1 de 26\"><figure class=\"swiper-slide-inner\"><img decoding=\"async\" class=\"swiper-slide-image\" src=\"https:\/\/www.gesoriaportaferrada.com\/wp-content\/uploads\/2021\/07\/Gesoria-Porta-Ferrada-Hotel-Sant-Feliu-de-Guixols-Galeria-de-Fotos-01-.jpg\" alt=\"Gesoria Porta Ferrada - Hotel - Sant Feliu de Gu\u00edxols - Fotogalerie\" \/><\/figure><\/div><div class=\"swiper-slide\" role=\"group\" aria-roledescription=\"slide\" aria-label=\"2 de 26\"><figure class=\"swiper-slide-inner\"><img decoding=\"async\" class=\"swiper-slide-image\" src=\"https:\/\/www.gesoriaportaferrada.com\/wp-content\/uploads\/2021\/07\/Gesoria-Porta-Ferrada-Hotel-Sant-Feliu-de-Guixols-Galeria-de-Fotos-02-.jpg\" alt=\"Gesoria Porta Ferrada - Hotel - Sant Feliu de Gu\u00edxols - Fotogalerie\" \/><\/figure><\/div><div class=\"swiper-slide\" role=\"group\" aria-roledescription=\"slide\" aria-label=\"3 de 26\"><figure class=\"swiper-slide-inner\"><img decoding=\"async\" class=\"swiper-slide-image\" src=\"https:\/\/www.gesoriaportaferrada.com\/wp-content\/uploads\/2021\/07\/Gesoria-Porta-Ferrada-Hotel-Sant-Feliu-de-Guixols-Galeria-de-Fotos-03-.jpg\" alt=\"Gesoria Porta Ferrada - Hotel - Sant Feliu de Gu\u00edxols - Fotogalerie\" \/><\/figure><\/div><div class=\"swiper-slide\" role=\"group\" aria-roledescription=\"slide\" aria-label=\"4 de 26\"><figure class=\"swiper-slide-inner\"><img decoding=\"async\" class=\"swiper-slide-image\" src=\"https:\/\/www.gesoriaportaferrada.com\/wp-content\/uploads\/2021\/07\/Gesoria-Porta-Ferrada-Hotel-Sant-Feliu-de-Guixols-Galeria-de-Fotos-04-.jpg\" alt=\"Gesoria Porta Ferrada - Hotel - Sant Feliu de Gu\u00edxols - Fotogalerie\" \/><\/figure><\/div><div class=\"swiper-slide\" role=\"group\" aria-roledescription=\"slide\" aria-label=\"5 de 26\"><figure class=\"swiper-slide-inner\"><img decoding=\"async\" class=\"swiper-slide-image\" src=\"https:\/\/www.gesoriaportaferrada.com\/wp-content\/uploads\/2021\/07\/Gesoria-Porta-Ferrada-Hotel-Sant-Feliu-de-Guixols-Galeria-de-Fotos-05-.jpg\" alt=\"Gesoria Porta Ferrada - Hotel - Sant Feliu de Gu\u00edxols - Fotogalerie\" \/><\/figure><\/div><div class=\"swiper-slide\" role=\"group\" aria-roledescription=\"slide\" aria-label=\"6 de 26\"><figure class=\"swiper-slide-inner\"><img decoding=\"async\" class=\"swiper-slide-image\" src=\"https:\/\/www.gesoriaportaferrada.com\/wp-content\/uploads\/2021\/07\/Gesoria-Porta-Ferrada-Hotel-Sant-Feliu-de-Guixols-Galeria-de-Fotos-06-.jpg\" alt=\"Gesoria Porta Ferrada - Hotel - Sant Feliu de Gu\u00edxols - Fotogalerie\" \/><\/figure><\/div><div class=\"swiper-slide\" role=\"group\" aria-roledescription=\"slide\" aria-label=\"7 de 26\"><figure class=\"swiper-slide-inner\"><img decoding=\"async\" class=\"swiper-slide-image\" src=\"https:\/\/www.gesoriaportaferrada.com\/wp-content\/uploads\/2021\/07\/Gesoria-Porta-Ferrada-Hotel-Sant-Feliu-de-Guixols-Galeria-de-Fotos-07-.jpg\" alt=\"Gesoria Porta Ferrada - Hotel - Sant Feliu de Gu\u00edxols - Fotogalerie\" \/><\/figure><\/div><div class=\"swiper-slide\" role=\"group\" aria-roledescription=\"slide\" aria-label=\"8 de 26\"><figure class=\"swiper-slide-inner\"><img decoding=\"async\" class=\"swiper-slide-image\" src=\"https:\/\/www.gesoriaportaferrada.com\/wp-content\/uploads\/2021\/07\/Gesoria-Porta-Ferrada-Hotel-Sant-Feliu-de-Guixols-Galeria-de-Fotos-08-.jpg\" alt=\"\" \/><\/figure><\/div><div class=\"swiper-slide\" role=\"group\" aria-roledescription=\"slide\" aria-label=\"9 de 26\"><figure class=\"swiper-slide-inner\"><img decoding=\"async\" class=\"swiper-slide-image\" src=\"https:\/\/www.gesoriaportaferrada.com\/wp-content\/uploads\/2021\/07\/Gesoria-Porta-Ferrada-Hotel-Sant-Feliu-de-Guixols-Galeria-de-Fotos-09-.jpg\" alt=\"\" \/><\/figure><\/div><div class=\"swiper-slide\" role=\"group\" aria-roledescription=\"slide\" aria-label=\"10 de 26\"><figure class=\"swiper-slide-inner\"><img decoding=\"async\" class=\"swiper-slide-image\" src=\"https:\/\/www.gesoriaportaferrada.com\/wp-content\/uploads\/2021\/07\/Gesoria-Porta-Ferrada-Hotel-Sant-Feliu-de-Guixols-Galeria-de-Fotos-10-.jpg\" alt=\"\" \/><\/figure><\/div><div class=\"swiper-slide\" role=\"group\" aria-roledescription=\"slide\" aria-label=\"11 de 26\"><figure class=\"swiper-slide-inner\"><img decoding=\"async\" class=\"swiper-slide-image\" src=\"https:\/\/www.gesoriaportaferrada.com\/wp-content\/uploads\/2021\/07\/Gesoria-Porta-Ferrada-Hotel-Sant-Feliu-de-Guixols-Galeria-de-Fotos-11-.jpg\" alt=\"\" \/><\/figure><\/div><div class=\"swiper-slide\" role=\"group\" aria-roledescription=\"slide\" aria-label=\"12 de 26\"><figure class=\"swiper-slide-inner\"><img decoding=\"async\" class=\"swiper-slide-image\" src=\"https:\/\/www.gesoriaportaferrada.com\/wp-content\/uploads\/2021\/07\/Gesoria-Porta-Ferrada-Hotel-Sant-Feliu-de-Guixols-Galeria-de-Fotos-12-.jpg\" alt=\"\" \/><\/figure><\/div><div class=\"swiper-slide\" role=\"group\" aria-roledescription=\"slide\" aria-label=\"13 de 26\"><figure class=\"swiper-slide-inner\"><img decoding=\"async\" class=\"swiper-slide-image\" src=\"https:\/\/www.gesoriaportaferrada.com\/wp-content\/uploads\/2021\/07\/Gesoria-Porta-Ferrada-Hotel-Sant-Feliu-de-Guixols-Galeria-de-Fotos-13-.jpg\" alt=\"\" \/><\/figure><\/div><div class=\"swiper-slide\" role=\"group\" aria-roledescription=\"slide\" aria-label=\"14 de 26\"><figure class=\"swiper-slide-inner\"><img decoding=\"async\" class=\"swiper-slide-image\" src=\"https:\/\/www.gesoriaportaferrada.com\/wp-content\/uploads\/2021\/07\/Gesoria-Porta-Ferrada-Hotel-Sant-Feliu-de-Guixols-Galeria-de-Fotos-14-.jpg\" alt=\"\" \/><\/figure><\/div><div class=\"swiper-slide\" role=\"group\" aria-roledescription=\"slide\" aria-label=\"15 de 26\"><figure class=\"swiper-slide-inner\"><img decoding=\"async\" class=\"swiper-slide-image\" src=\"https:\/\/www.gesoriaportaferrada.com\/wp-content\/uploads\/2021\/07\/Gesoria-Porta-Ferrada-Hotel-Sant-Feliu-de-Guixols-Galeria-de-Fotos-15-.jpg\" alt=\"\" \/><\/figure><\/div><div class=\"swiper-slide\" role=\"group\" aria-roledescription=\"slide\" aria-label=\"16 de 26\"><figure class=\"swiper-slide-inner\"><img decoding=\"async\" class=\"swiper-slide-image\" src=\"https:\/\/www.gesoriaportaferrada.com\/wp-content\/uploads\/2021\/07\/Gesoria-Porta-Ferrada-Hotel-Sant-Feliu-de-Guixols-Galeria-de-Fotos-18-.jpg\" alt=\"\" \/><\/figure><\/div><div class=\"swiper-slide\" role=\"group\" aria-roledescription=\"slide\" aria-label=\"17 de 26\"><figure class=\"swiper-slide-inner\"><img decoding=\"async\" class=\"swiper-slide-image\" src=\"https:\/\/www.gesoriaportaferrada.com\/wp-content\/uploads\/2025\/02\/Gesoria-Porta-Ferrada-Hotel-Sant-Feliu-de-Guixols-Galeria-de-Fotos-16-.jpg\" alt=\"Gesoria Porta Ferrada - Hotel - Sant Feliu de Gu\u00edxols - Fotogalerie\" \/><\/figure><\/div><div class=\"swiper-slide\" role=\"group\" aria-roledescription=\"slide\" aria-label=\"18 de 26\"><figure class=\"swiper-slide-inner\"><img decoding=\"async\" class=\"swiper-slide-image\" src=\"https:\/\/www.gesoriaportaferrada.com\/wp-content\/uploads\/2025\/02\/Gesoria-Porta-Ferrada-Hotel-Sant-Feliu-de-Guixols-Galeria-de-Fotos-17-.jpg\" alt=\"Gesoria Porta Ferrada - Hotel - Sant Feliu de Gu\u00edxols - Fotogalerie\" \/><\/figure><\/div><div class=\"swiper-slide\" role=\"group\" aria-roledescription=\"slide\" aria-label=\"19 de 26\"><figure class=\"swiper-slide-inner\"><img decoding=\"async\" class=\"swiper-slide-image\" src=\"https:\/\/www.gesoriaportaferrada.com\/wp-content\/uploads\/2025\/02\/Gesoria-Porta-Ferrada-Hotel-Sant-Feliu-de-Guixols-Galeria-de-Fotos-19-.jpg\" alt=\"Gesoria Porta Ferrada - Hotel - Sant Feliu de Gu\u00edxols - Fotogalerie\" \/><\/figure><\/div><div class=\"swiper-slide\" role=\"group\" aria-roledescription=\"slide\" aria-label=\"20 de 26\"><figure class=\"swiper-slide-inner\"><img decoding=\"async\" class=\"swiper-slide-image\" src=\"https:\/\/www.gesoriaportaferrada.com\/wp-content\/uploads\/2025\/02\/Gesoria-Porta-Ferrada-Hotel-Sant-Feliu-de-Guixols-Galeria-de-Fotos-20-.jpg\" alt=\"Gesoria Porta Ferrada - Hotel - Sant Feliu de Gu\u00edxols - Fotogalerie\" \/><\/figure><\/div><div class=\"swiper-slide\" role=\"group\" aria-roledescription=\"slide\" aria-label=\"21 de 26\"><figure class=\"swiper-slide-inner\"><img decoding=\"async\" class=\"swiper-slide-image\" src=\"https:\/\/www.gesoriaportaferrada.com\/wp-content\/uploads\/2025\/02\/Gesoria-Porta-Ferrada-Hotel-Sant-Feliu-de-Guixols-Galeria-de-Fotos-21-.jpg\" alt=\"Gesoria Porta Ferrada - Hotel - Sant Feliu de Gu\u00edxols - Fotogalerie\" \/><\/figure><\/div><div class=\"swiper-slide\" role=\"group\" aria-roledescription=\"slide\" aria-label=\"22 de 26\"><figure class=\"swiper-slide-inner\"><img decoding=\"async\" class=\"swiper-slide-image\" src=\"https:\/\/www.gesoriaportaferrada.com\/wp-content\/uploads\/2025\/02\/Gesoria-Porta-Ferrada-Hotel-Sant-Feliu-de-Guixols-Galeria-de-Fotos-22-.jpg\" alt=\"Gesoria Porta Ferrada - Hotel - Sant Feliu de Gu\u00edxols - Fotogalerie\" \/><\/figure><\/div><div class=\"swiper-slide\" role=\"group\" aria-roledescription=\"slide\" aria-label=\"23 de 26\"><figure class=\"swiper-slide-inner\"><img decoding=\"async\" class=\"swiper-slide-image\" src=\"https:\/\/www.gesoriaportaferrada.com\/wp-content\/uploads\/2025\/02\/Gesoria-Porta-Ferrada-Hotel-Sant-Feliu-de-Guixols-Galeria-de-Fotos-23-.jpg\" alt=\"Gesoria Porta Ferrada - Hotel - Sant Feliu de Gu\u00edxols - Fotogalerie\" \/><\/figure><\/div><div class=\"swiper-slide\" role=\"group\" aria-roledescription=\"slide\" aria-label=\"24 de 26\"><figure class=\"swiper-slide-inner\"><img decoding=\"async\" class=\"swiper-slide-image\" src=\"https:\/\/www.gesoriaportaferrada.com\/wp-content\/uploads\/2025\/02\/Gesoria-Porta-Ferrada-Hotel-Sant-Feliu-de-Guixols-Galeria-de-Fotos-24-.jpg\" alt=\"Gesoria Porta Ferrada - Hotel - Sant Feliu de Gu\u00edxols - Fotogalerie\" \/><\/figure><\/div><div class=\"swiper-slide\" role=\"group\" aria-roledescription=\"slide\" aria-label=\"25 de 26\"><figure class=\"swiper-slide-inner\"><img decoding=\"async\" class=\"swiper-slide-image\" src=\"https:\/\/www.gesoriaportaferrada.com\/wp-content\/uploads\/2025\/02\/Gesoria-Porta-Ferrada-Hotel-Sant-Feliu-de-Guixols-Galeria-de-Fotos-25-.jpg\" alt=\"Gesoria Porta Ferrada - Hotel - Sant Feliu de Gu\u00edxols - Fotogalerie\" \/><\/figure><\/div><div class=\"swiper-slide\" role=\"group\" aria-roledescription=\"slide\" aria-label=\"26 de 26\"><figure class=\"swiper-slide-inner\"><img decoding=\"async\" class=\"swiper-slide-image\" src=\"https:\/\/www.gesoriaportaferrada.com\/wp-content\/uploads\/2025\/02\/Gesoria-Porta-Ferrada-Hotel-Sant-Feliu-de-Guixols-Galeria-de-Fotos-26-.jpg\" alt=\"Gesoria Porta Ferrada - Hotel - Sant Feliu de Gu\u00edxols - Fotogalerie\" \/><\/figure><\/div>\t\t\t<\/div>\n\t\t\t\t\t\t\t\t\t\t\t\t<div class=\"elementor-swiper-button elementor-swiper-button-prev\" role=\"button\" tabindex=\"0\">\n\t\t\t\t\t\t<svg aria-hidden=\"true\" class=\"e-font-icon-svg e-eicon-chevron-left\" viewbox=\"0 0 1000 1000\" xmlns=\"http:\/\/www.w3.org\/2000\/svg\"><path d=\"M646 125C629 125 613 133 604 142L308 442C296 454 292 471 292 487 292 504 296 521 308 533L604 854C617 867 629 875 646 875 663 875 679 871 692 858 704 846 713 829 713 812 713 796 708 779 692 767L438 487 692 225C700 217 708 204 708 187 708 171 704 154 692 142 675 129 663 125 646 125Z\"><\/path><\/svg>\t\t\t\t\t<\/div>\n\t\t\t\t\t<div class=\"elementor-swiper-button elementor-swiper-button-next\" role=\"button\" tabindex=\"0\">\n\t\t\t\t\t\t<svg aria-hidden=\"true\" class=\"e-font-icon-svg e-eicon-chevron-right\" viewbox=\"0 0 1000 1000\" xmlns=\"http:\/\/www.w3.org\/2000\/svg\"><path d=\"M696 533C708 521 713 504 713 487 713 471 708 454 696 446L400 146C388 133 375 125 354 125 338 125 325 129 313 142 300 154 292 171 292 187 292 204 296 221 308 233L563 492 304 771C292 783 288 800 288 817 288 833 296 850 308 863 321 871 338 875 354 875 371 875 388 867 400 854L696 533Z\"><\/path><\/svg>\t\t\t\t\t<\/div>\n\t\t\t\t\n\t\t\t\t\t\t\t\t\t<\/div>\n\t\t\t\t\t\t<\/div>\n\t\t\t\t\t<\/div>\n\t\t<\/div>\n\t\t\t\t\t<\/div>\n\t\t<\/section>\n\t\t\t\t<section class=\"elementor-section elementor-top-section elementor-element elementor-element-69a74bc elementor-section-boxed elementor-section-height-default elementor-section-height-default\" data-id=\"69a74bc\" data-element_type=\"section\" data-e-type=\"section\" data-settings=\"{&quot;background_background&quot;:&quot;classic&quot;}\">\n\t\t\t\t\t\t\t<div class=\"elementor-background-overlay\"><\/div>\n\t\t\t\t\t\t\t<div class=\"elementor-container elementor-column-gap-no\">\n\t\t\t\t\t<div class=\"elementor-column elementor-col-100 elementor-top-column elementor-element elementor-element-bcfe717\" data-id=\"bcfe717\" data-element_type=\"column\" data-e-type=\"column\">\n\t\t\t<div class=\"elementor-widget-wrap elementor-element-populated\">\n\t\t\t\t\t\t<div class=\"elementor-element elementor-element-066f935 elementor-widget elementor-widget-heading\" data-id=\"066f935\" data-element_type=\"widget\" data-e-type=\"widget\" data-widget_type=\"heading.default\">\n\t\t\t\t\t<h2 class=\"elementor-heading-title elementor-size-default\">Buchen Sie Ihr Zimmer, Studio oder Apartment<\/h2>\t\t\t\t<\/div>\n\t\t\t\t<div class=\"elementor-element elementor-element-2bd8abb elementor-widget elementor-widget-heading\" data-id=\"2bd8abb\" data-element_type=\"widget\" data-e-type=\"widget\" data-widget_type=\"heading.default\">\n\t\t\t\t\t<h2 class=\"elementor-heading-title elementor-size-default\">bei Ges\u00f2ria Porta Ferrada<\/h2>\t\t\t\t<\/div>\n\t\t\t\t<div class=\"elementor-element elementor-element-9c10432 elementor-align-center elementor-widget elementor-widget-button\" data-id=\"9c10432\" data-element_type=\"widget\" data-e-type=\"widget\" data-widget_type=\"button.default\">\n\t\t\t\t\t\t\t\t\t\t<a class=\"elementor-button elementor-button-link elementor-size-sm\" href=\"https:\/\/www.gesoriaportaferrada.com\/de\/reserves\/\">\n\t\t\t\t\t\t<span class=\"elementor-button-content-wrapper\">\n\t\t\t\t\t\t\t\t\t<span class=\"elementor-button-text\">Reservierungsanfrage<\/span>\n\t\t\t\t\t<\/span>\n\t\t\t\t\t<\/a>\n\t\t\t\t\t\t\t\t<\/div>\n\t\t\t\t\t<\/div>\n\t\t<\/div>\n\t\t\t\t\t<\/div>\n\t\t<\/section>\n\t\t\t\t<\/div>","protected":false},"excerpt":{"rendered":"<p>GES\u00d2RIA PORTA FERRADA Hotel, Estudis i Apartaments Hotel acollidor i confortable situat a la Pla\u00e7a del Monestir de Sant Feliu de Gu\u00edxols, cor de la Costa Brava i nom\u00e9s a 150 m. de la platja. El nom de Ges\u00f2ria prov\u00e9 de l\u2019antic nom de la poblaci\u00f3 d\u2019origen iber-rom\u00e0: Jecsalis, Ges\u00f2ria, Gu\u00edxols. L\u2019edifici est\u00e0 constru\u00eft al [&hellip;]<\/p>\n","protected":false},"author":7,"featured_media":0,"parent":0,"menu_order":0,"comment_status":"closed","ping_status":"closed","template":"","meta":{"footnotes":""},"class_list":["post-10","page","type-page","status-publish","hentry"],"_links":{"self":[{"href":"https:\/\/www.gesoriaportaferrada.com\/de\/wp-json\/wp\/v2\/pages\/10","targetHints":{"allow":["GET"]}}],"collection":[{"href":"https:\/\/www.gesoriaportaferrada.com\/de\/wp-json\/wp\/v2\/pages"}],"about":[{"href":"https:\/\/www.gesoriaportaferrada.com\/de\/wp-json\/wp\/v2\/types\/page"}],"author":[{"embeddable":true,"href":"https:\/\/www.gesoriaportaferrada.com\/de\/wp-json\/wp\/v2\/users\/7"}],"replies":[{"embeddable":true,"href":"https:\/\/www.gesoriaportaferrada.com\/de\/wp-json\/wp\/v2\/comments?post=10"}],"version-history":[{"count":162,"href":"https:\/\/www.gesoriaportaferrada.com\/de\/wp-json\/wp\/v2\/pages\/10\/revisions"}],"predecessor-version":[{"id":4737,"href":"https:\/\/www.gesoriaportaferrada.com\/de\/wp-json\/wp\/v2\/pages\/10\/revisions\/4737"}],"wp:attachment":[{"href":"https:\/\/www.gesoriaportaferrada.com\/de\/wp-json\/wp\/v2\/media?parent=10"}],"curies":[{"name":"wp","href":"https:\/\/api.w.org\/{rel}","templated":true}]}}