{"id":700,"date":"2014-05-19T11:02:46","date_gmt":"2014-05-19T09:02:46","guid":{"rendered":"https:\/\/www.gesoriaportaferrada.com\/info\/?page_id=700"},"modified":"2026-03-28T12:47:50","modified_gmt":"2026-03-28T11:47:50","slug":"activitats-culturals","status":"publish","type":"page","link":"https:\/\/www.gesoriaportaferrada.com\/es\/activitats-culturals\/","title":{"rendered":"Actividades culturales"},"content":{"rendered":"<div data-elementor-type=\"wp-post\" data-elementor-id=\"700\" class=\"elementor elementor-700\" data-elementor-post-type=\"page\">\n\t\t\t\t<div class=\"elementor-element elementor-element-0b5ebaf e-con-full e-flex e-con e-parent\" data-id=\"0b5ebaf\" data-element_type=\"container\" data-e-type=\"container\" data-settings=\"{&quot;background_background&quot;:&quot;classic&quot;}\">\n\t\t\t\t<div class=\"elementor-element elementor-element-f34f1c2 elementor-widget elementor-widget-heading\" data-id=\"f34f1c2\" data-element_type=\"widget\" data-e-type=\"widget\" data-widget_type=\"heading.default\">\n\t\t\t\t\t<h1 class=\"elementor-heading-title elementor-size-default\">Actividades Culturales<\/h1>\t\t\t\t<\/div>\n\t\t\t\t<\/div>\n\t\t\t\t<section class=\"elementor-section elementor-top-section elementor-element elementor-element-4582dd2 elementor-section-boxed elementor-section-height-default elementor-section-height-default\" data-id=\"4582dd2\" data-element_type=\"section\" data-e-type=\"section\">\n\t\t\t\t\t\t<div class=\"elementor-container elementor-column-gap-no\">\n\t\t\t\t\t<div class=\"elementor-column elementor-col-100 elementor-top-column elementor-element elementor-element-e22ed4f\" data-id=\"e22ed4f\" data-element_type=\"column\" data-e-type=\"column\">\n\t\t\t<div class=\"elementor-widget-wrap elementor-element-populated\">\n\t\t\t\t\t\t<div class=\"elementor-element elementor-element-46b4fa9 elementor-widget elementor-widget-zigzag\" data-id=\"46b4fa9\" data-element_type=\"widget\" data-e-type=\"widget\" data-settings=\"{&quot;image_shape&quot;:&quot;sharp&quot;}\" data-widget_type=\"zigzag.default\">\n\t\t\t\t<div class=\"elementor-widget-container\">\n\t\t\t\t\t\t\t<div class=\"ehp-zigzag has-direction-end\">\n\t\t\t\t\t\t\t<div class=\"ehp-zigzag__item-wrapper\">\n\t\t\t\t\t<div class=\"ehp-zigzag__item-container\">\n\t\t\t\t\t\t\t\t<div class=\"ehp-zigzag__graphic-element-container has-image\">\n\t\t\t\t\t\t<div class=\"ehp-image ehp-zigzag__image-container\">\n\t\t\t\t<img decoding=\"async\" class=\"ehp-image__img ehp-zigzag__img has-shape-sharp shape-type-image\" src=\"https:\/\/www.gesoriaportaferrada.com\/wp-content\/uploads\/2021\/06\/Monestir-Sant-Feliu-de-Guixols.jpg\" title=\"Monestir Sant Feliu de Gu\u00edxols\" alt=\"Monestir Sant Feliu de Gu\u00edxols\" loading=\"lazy\" \/>\t\t\t<\/div>\n\t\t\t\t\t<\/div>\n\t\t\t\t<div class=\"ehp-zigzag__text-container is-graphic-image\">\n\t\t\t<h2 class=\"ehp-zigzag__title\">Monasterio de Sant Feliu de Gu\u00edxols<\/h2><p class=\"ehp-zigzag__description\">La primera documentaci\u00f3n de dicho monasterio de la orden benedictina, aparece en el a\u00f1o 968 por la concesi\u00f3n\u00a0que el rey Lotario hace al abad Sunyer, por poder regentar, al mismo tiempo, los monasterios de Sant Pol de Mar\u00a0y de Sant Feliu de Gu\u00edxols.\n\nEl conjunto ha sufrido diferentes transformaciones durante su historia:\u00a0la iglesia, de estilo g\u00f3tico, es de una sola nave con cruz y tres \u00e1bsides poligonales, m\u00e1s una cubierta\u00a0de b\u00f3veda de cruz. Una parte de la nave es rom\u00e1nica,\u00a0con b\u00f3vedas de ca\u00f1\u00f3n.\n\nLa base principal es de un origen rom\u00e1nico, suficientemente restaurada y est\u00e1 flanqueada por dos torres de bases romanas, la torre del Corn, de planta rectangular, y la torre del Fum, de planta semicircular.<\/p>\t\t<\/div>\n\t\t\t\t\t\t\t<\/div>\n\t\t\t\t<\/div>\n\t\t\t\t\t\t\t\t<div class=\"ehp-zigzag__item-wrapper\">\n\t\t\t\t\t<div class=\"ehp-zigzag__item-container\">\n\t\t\t\t\t\t\t\t<div class=\"ehp-zigzag__graphic-element-container has-image\">\n\t\t\t\t\t\t<div class=\"ehp-image ehp-zigzag__image-container ehp-image ehp-zigzag__image-container\">\n\t\t\t\t<img decoding=\"async\" class=\"ehp-image__img ehp-zigzag__img has-shape-sharp shape-type-image\" src=\"https:\/\/www.gesoriaportaferrada.com\/wp-content\/uploads\/2019\/06\/Pedralta.jpg\" title=\"Pedralta | Hotel Ges\u00f2ria Porta Ferrada\" alt=\"Pedralta | Hotel Ges\u00f2ria Porta Ferrada\" loading=\"lazy\" \/>\t\t\t<\/div>\n\t\t\t\t\t<\/div>\n\t\t\t\t<div class=\"ehp-zigzag__text-container is-graphic-image\">\n\t\t\t<h2 class=\"ehp-zigzag__title\">Pedralta<\/h2><p class=\"ehp-zigzag__description\">Se trata de la piedra basculante mas grande de Europa y est\u00e1 situada entre los municipios de Santa Cristina d\u2019Aro y Sant Feliu de Gu\u00edxols.<\/p>\t\t<\/div>\n\t\t\t\t\t\t\t<\/div>\n\t\t\t\t<\/div>\n\t\t\t\t\t\t\t\t<div class=\"ehp-zigzag__item-wrapper\">\n\t\t\t\t\t<div class=\"ehp-zigzag__item-container\">\n\t\t\t\t\t\t\t\t<div class=\"ehp-zigzag__graphic-element-container has-image\">\n\t\t\t\t\t\t<div class=\"ehp-image ehp-zigzag__image-container ehp-image ehp-zigzag__image-container ehp-image ehp-zigzag__image-container\">\n\t\t\t\t<img decoding=\"async\" class=\"ehp-image__img ehp-zigzag__img has-shape-sharp shape-type-image\" src=\"https:\/\/www.gesoriaportaferrada.com\/wp-content\/uploads\/2019\/06\/Passeig-mar\u00edtim-Sant-Feliu-de-Gu\u00edxols.jpg\" title=\"Passeig mar\u00edtim Sant Feliu de Gu\u00edxols | Hotel Ges\u00f2ria Porta Ferrada\" alt=\"Passeig mar\u00edtim Sant Feliu de Gu\u00edxols | Hotel Ges\u00f2ria Porta Ferrada\" loading=\"lazy\" \/>\t\t\t<\/div>\n\t\t\t\t\t<\/div>\n\t\t\t\t<div class=\"ehp-zigzag__text-container is-graphic-image\">\n\t\t\t<h2 class=\"ehp-zigzag__title\">El Paseo mar\u00edtimo<\/h2><p class=\"ehp-zigzag__description\">Abierto en 1833 entre la antigua ciudad medieval y la playa. Poco a poco, aquel gran espacio urbano organizado en forma de paseo, con \u00e1rboles plantados, se llen\u00f3 de casas se\u00f1oriales que substituyeron las antiguas casas medievales de los pescadores.<\/p>\t\t<div class=\"ehp-zigzag__button-container\">\n\t\t\t<a class=\"ehp-button ehp-button--primary ehp-zigzag__button ehp-zigzag__button--primary is-type-link\">\n\t\t\t\t<span class=\"ehp-zigzag__button-text\">Learn More<\/span>\t\t\t\t\t<\/a>\n\t\t<\/div>\n\t\t\t\t<\/div>\n\t\t\t\t\t\t\t<\/div>\n\t\t\t\t<\/div>\n\t\t\t\t\t\t\t\t<div class=\"ehp-zigzag__item-wrapper\">\n\t\t\t\t\t<div class=\"ehp-zigzag__item-container\">\n\t\t\t\t\t\t\t\t<div class=\"ehp-zigzag__graphic-element-container has-image\">\n\t\t\t\t\t\t<div class=\"ehp-image ehp-zigzag__image-container ehp-image ehp-zigzag__image-container ehp-image ehp-zigzag__image-container ehp-image ehp-zigzag__image-container\">\n\t\t\t\t<img decoding=\"async\" class=\"ehp-image__img ehp-zigzag__img has-shape-sharp shape-type-image\" src=\"https:\/\/www.gesoriaportaferrada.com\/wp-content\/uploads\/2019\/06\/Casino-La-Constancia.jpg\" title=\"Casino La Constancia | Hotel Ges\u00f2ria Porta Ferrada\" alt=\"Casino La Constancia | Hotel Ges\u00f2ria Porta Ferrada\" loading=\"lazy\" \/>\t\t\t<\/div>\n\t\t\t\t\t<\/div>\n\t\t\t\t<div class=\"ehp-zigzag__text-container is-graphic-image\">\n\t\t\t<h2 class=\"ehp-zigzag__title\">Casino La Constancia<\/h2><p class=\"ehp-zigzag__description\">Instituci\u00f3n alojada en un inmueble modernista moz\u00e1rabe, m\u00e1s conocido con el sobrenombre de Casino dels Nois. El edificio del casino fue construido por el arquitecto general Guitart en 1888.<\/p>\t\t<div class=\"ehp-zigzag__button-container ehp-zigzag__button-container\">\n\t\t\t<a class=\"ehp-button ehp-button--primary ehp-zigzag__button ehp-zigzag__button--primary is-type-link\">\n\t\t\t\t<span class=\"ehp-zigzag__button-text\">Learn More<\/span>\t\t\t\t\t<\/a>\n\t\t<\/div>\n\t\t\t\t<\/div>\n\t\t\t\t\t\t\t<\/div>\n\t\t\t\t<\/div>\n\t\t\t\t\t\t\t\t<div class=\"ehp-zigzag__item-wrapper\">\n\t\t\t\t\t<div class=\"ehp-zigzag__item-container\">\n\t\t\t\t\t\t\t\t<div class=\"ehp-zigzag__graphic-element-container has-image\">\n\t\t\t\t\t\t<div class=\"ehp-image ehp-zigzag__image-container ehp-image ehp-zigzag__image-container ehp-image ehp-zigzag__image-container ehp-image ehp-zigzag__image-container ehp-image ehp-zigzag__image-container\">\n\t\t\t\t<img decoding=\"async\" class=\"ehp-image__img ehp-zigzag__img has-shape-sharp shape-type-image\" src=\"https:\/\/www.gesoriaportaferrada.com\/wp-content\/uploads\/2019\/06\/Casa-Patxot.jpg\" title=\"Casa Patxot | Hotel Ges\u00f2ria Porta Ferrada\" alt=\"Casa Patxot | Hotel Ges\u00f2ria Porta Ferrada\" loading=\"lazy\" \/>\t\t\t<\/div>\n\t\t\t\t\t<\/div>\n\t\t\t\t<div class=\"ehp-zigzag__text-container is-graphic-image\">\n\t\t\t<h2 class=\"ehp-zigzag__title\">La casa Patxot<\/h2><p class=\"ehp-zigzag__description\">Situada en el n\u00famero 40 del Paseo del Mar, casa del rico industrial Rafael Patxot que fue construida entre 1917 y 1920 por el arquitecto Albert Juan Torner.\nSe trata de la casa se\u00f1orial m\u00e1s conservada, relevante y lujosa de la ciudad durante mucho tiempo. La casa acogi\u00f3 un observatorio astron\u00f3mico del mismo Patxot. Actualmente se ubica la C\u00e1mara de Comercio, Industria y Navegaci\u00f3n de Sant Feliu de Gu\u00edxols.<\/p>\t\t<div class=\"ehp-zigzag__button-container ehp-zigzag__button-container ehp-zigzag__button-container\">\n\t\t\t<a class=\"ehp-button ehp-button--primary ehp-zigzag__button ehp-zigzag__button--primary is-type-link\">\n\t\t\t\t<span class=\"ehp-zigzag__button-text\">Learn More<\/span>\t\t\t\t\t<\/a>\n\t\t<\/div>\n\t\t\t\t<\/div>\n\t\t\t\t\t\t\t<\/div>\n\t\t\t\t<\/div>\n\t\t\t\t\t\t\t\t<div class=\"ehp-zigzag__item-wrapper\">\n\t\t\t\t\t<div class=\"ehp-zigzag__item-container\">\n\t\t\t\t\t\t\t\t<div class=\"ehp-zigzag__graphic-element-container has-image\">\n\t\t\t\t\t\t<div class=\"ehp-image ehp-zigzag__image-container ehp-image ehp-zigzag__image-container ehp-image ehp-zigzag__image-container ehp-image ehp-zigzag__image-container ehp-image ehp-zigzag__image-container ehp-image ehp-zigzag__image-container\">\n\t\t\t\t<img decoding=\"async\" class=\"ehp-image__img ehp-zigzag__img has-shape-sharp shape-type-image\" src=\"https:\/\/www.gesoriaportaferrada.com\/wp-content\/uploads\/2019\/06\/El-Salvament.jpg\" title=\"El Salvament | Hotel Ges\u00f2ria Porta Ferrada\" alt=\"El Salvament | Hotel Ges\u00f2ria Porta Ferrada\" loading=\"lazy\" \/>\t\t\t<\/div>\n\t\t\t\t\t<\/div>\n\t\t\t\t<div class=\"ehp-zigzag__text-container is-graphic-image\">\n\t\t\t<h2 class=\"ehp-zigzag__title\">El Salvament<\/h2><p class=\"ehp-zigzag__description\">Es una antigua estaci\u00f3n de salvamento de n\u00e1ufragos situada en el puerto de Sant Feliu de Gu\u00edxols. Construida en el siglo XIX, est\u00e1 protegida com bien cultural de inter\u00e9s local y actualmente museizada como Museo del Salvamento Mar\u00edtimo.<\/p>\t\t<div class=\"ehp-zigzag__button-container ehp-zigzag__button-container ehp-zigzag__button-container ehp-zigzag__button-container\">\n\t\t\t<a class=\"ehp-button ehp-button--primary ehp-zigzag__button ehp-zigzag__button--primary is-type-link\">\n\t\t\t\t<span class=\"ehp-zigzag__button-text\">Learn More<\/span>\t\t\t\t\t<\/a>\n\t\t<\/div>\n\t\t\t\t<\/div>\n\t\t\t\t\t\t\t<\/div>\n\t\t\t\t<\/div>\n\t\t\t\t\t\t\t\t<div class=\"ehp-zigzag__item-wrapper\">\n\t\t\t\t\t<div class=\"ehp-zigzag__item-container\">\n\t\t\t\t\t\t\t\t<div class=\"ehp-zigzag__graphic-element-container has-image\">\n\t\t\t\t\t\t<div class=\"ehp-image ehp-zigzag__image-container ehp-image ehp-zigzag__image-container ehp-image ehp-zigzag__image-container ehp-image ehp-zigzag__image-container ehp-image ehp-zigzag__image-container ehp-image ehp-zigzag__image-container ehp-image ehp-zigzag__image-container\">\n\t\t\t\t<img decoding=\"async\" class=\"ehp-image__img ehp-zigzag__img has-shape-sharp shape-type-image\" src=\"https:\/\/www.gesoriaportaferrada.com\/wp-content\/uploads\/2019\/06\/Ajuntament.jpg\" title=\"Ajuntament | Hotel Ges\u00f2ria Porta Ferrada\" alt=\"Ajuntament | Hotel Ges\u00f2ria Porta Ferrada\" loading=\"lazy\" \/>\t\t\t<\/div>\n\t\t\t\t\t<\/div>\n\t\t\t\t<div class=\"ehp-zigzag__text-container is-graphic-image\">\n\t\t\t<h2 class=\"ehp-zigzag__title\">El Ayuntamiento<\/h2><p class=\"ehp-zigzag__description\">Construido en 1547 con formas sobrias y con un estilo g\u00f3tico renacentista, el ayuntamiento de la ciudad ha sobrevivido a todas las destrucciones b\u00e9licas y a la especulaci\u00f3n inmobiliaria. El edificio actual tiene a\u00f1adida una torre levantada en 1847 y una ampliaci\u00f3n posterior de los a\u00f1os 40 y 50 del siglo XX.<\/p>\t\t<div class=\"ehp-zigzag__button-container ehp-zigzag__button-container ehp-zigzag__button-container ehp-zigzag__button-container ehp-zigzag__button-container\">\n\t\t\t<a class=\"ehp-button ehp-button--primary ehp-zigzag__button ehp-zigzag__button--primary is-type-link\">\n\t\t\t\t<span class=\"ehp-zigzag__button-text\">Learn More<\/span>\t\t\t\t\t<\/a>\n\t\t<\/div>\n\t\t\t\t<\/div>\n\t\t\t\t\t\t\t<\/div>\n\t\t\t\t<\/div>\n\t\t\t\t\t\t\t\t<div class=\"ehp-zigzag__item-wrapper\">\n\t\t\t\t\t<div class=\"ehp-zigzag__item-container\">\n\t\t\t\t\t\t\t\t<div class=\"ehp-zigzag__graphic-element-container has-image\">\n\t\t\t\t\t\t<div class=\"ehp-image ehp-zigzag__image-container ehp-image ehp-zigzag__image-container ehp-image ehp-zigzag__image-container ehp-image ehp-zigzag__image-container ehp-image ehp-zigzag__image-container ehp-image ehp-zigzag__image-container ehp-image ehp-zigzag__image-container ehp-image ehp-zigzag__image-container\">\n\t\t\t\t<img decoding=\"async\" class=\"ehp-image__img ehp-zigzag__img has-shape-sharp shape-type-image\" src=\"https:\/\/www.gesoriaportaferrada.com\/wp-content\/uploads\/2019\/06\/Espai-Carmen-Thyssen.jpg\" title=\"Espai Carmen Thyssen | Hotel Ges\u00f2ria Porta Ferrada\" alt=\"Espai Carmen Thyssen | Hotel Ges\u00f2ria Porta Ferrada\" loading=\"lazy\" \/>\t\t\t<\/div>\n\t\t\t\t\t<\/div>\n\t\t\t\t<div class=\"ehp-zigzag__text-container is-graphic-image\">\n\t\t\t<h2 class=\"ehp-zigzag__title\">Espacio Carmen Thyssen<\/h2><p class=\"ehp-zigzag__description\">El Espacio Carmen Thyssen a\u00fana la voluntad del Ayuntamiento y de Carmen Thyssen-Bornemisza de dotar a Sant Feliu de Gu\u00edxols de un espacio donde exhibir la colecci\u00f3n personal de la baronesa.\n\nExpone la obra de artistas nacionales e internacionales que no se encuentra en ninguna instituci\u00f3n muse\u00edstica catalana. El proyecto se materializa en una programaci\u00f3n continuada de exposiciones temporales.<\/p>\t\t<div class=\"ehp-zigzag__button-container ehp-zigzag__button-container ehp-zigzag__button-container ehp-zigzag__button-container ehp-zigzag__button-container ehp-zigzag__button-container\">\n\t\t\t<a class=\"ehp-button ehp-button--primary ehp-zigzag__button ehp-zigzag__button--primary is-type-link\">\n\t\t\t\t<span class=\"ehp-zigzag__button-text\">Learn More<\/span>\t\t\t\t\t<\/a>\n\t\t<\/div>\n\t\t\t\t<\/div>\n\t\t\t\t\t\t\t<\/div>\n\t\t\t\t<\/div>\n\t\t\t\t\t\t\t\t<div class=\"ehp-zigzag__item-wrapper\">\n\t\t\t\t\t<div class=\"ehp-zigzag__item-container\">\n\t\t\t\t\t\t\t\t<div class=\"ehp-zigzag__graphic-element-container has-image\">\n\t\t\t\t\t\t<div class=\"ehp-image ehp-zigzag__image-container ehp-image ehp-zigzag__image-container ehp-image ehp-zigzag__image-container ehp-image ehp-zigzag__image-container ehp-image ehp-zigzag__image-container ehp-image ehp-zigzag__image-container ehp-image ehp-zigzag__image-container ehp-image ehp-zigzag__image-container ehp-image ehp-zigzag__image-container\">\n\t\t\t\t<img decoding=\"async\" class=\"ehp-image__img ehp-zigzag__img has-shape-sharp shape-type-image\" src=\"https:\/\/www.gesoriaportaferrada.com\/wp-content\/uploads\/2019\/06\/Cova-den-Daina.jpg\" title=\"Cova de&#8217;n Daina | Hotel Ges\u00f2ria Porta Ferrada\" alt=\"Cova de&#039;n Daina | Hotel Ges\u00f2ria Porta Ferrada\" loading=\"lazy\" \/>\t\t\t<\/div>\n\t\t\t\t\t<\/div>\n\t\t\t\t<div class=\"ehp-zigzag__text-container is-graphic-image\">\n\t\t\t<h2 class=\"ehp-zigzag__title\">Cueva de Daina<\/h2><p class=\"ehp-zigzag__description\">La cueva de Daina es un dolmen de granito de grandes dimensiones Construido entre\u00a0el 2700\u00a0a.C. y el 2200\u00a0a.C.\u00a0al lado del pueblo\u00a0de Romany\u00e0 de la\u00a0Selva\u00a0(Baix Empord\u00e0).\n\nEl recinto megal\u00edtico se encuentra protegido por un cr\u00f3nlech en forma de anillo externo de 11 metros de di\u00e1metro, formado por grandes piedras gran\u00edticas, un pasadizo principal que va de este a oeste y un t\u00famulo de tierra que sirven de contrafuerte de la c\u00e1mara sepulcral del centro.<\/p>\t\t<div class=\"ehp-zigzag__button-container ehp-zigzag__button-container ehp-zigzag__button-container ehp-zigzag__button-container ehp-zigzag__button-container ehp-zigzag__button-container ehp-zigzag__button-container\">\n\t\t\t<a class=\"ehp-button ehp-button--primary ehp-zigzag__button ehp-zigzag__button--primary is-type-link\">\n\t\t\t\t<span class=\"ehp-zigzag__button-text\">Learn More<\/span>\t\t\t\t\t<\/a>\n\t\t<\/div>\n\t\t\t\t<\/div>\n\t\t\t\t\t\t\t<\/div>\n\t\t\t\t<\/div>\n\t\t\t\t\t\t\t\t<div class=\"ehp-zigzag__item-wrapper\">\n\t\t\t\t\t<div class=\"ehp-zigzag__item-container\">\n\t\t\t\t\t\t\t\t<div class=\"ehp-zigzag__graphic-element-container has-image\">\n\t\t\t\t\t\t<div class=\"ehp-image ehp-zigzag__image-container ehp-image ehp-zigzag__image-container ehp-image ehp-zigzag__image-container ehp-image ehp-zigzag__image-container ehp-image ehp-zigzag__image-container ehp-image ehp-zigzag__image-container ehp-image ehp-zigzag__image-container ehp-image ehp-zigzag__image-container ehp-image ehp-zigzag__image-container ehp-image ehp-zigzag__image-container\">\n\t\t\t\t<img decoding=\"async\" class=\"ehp-image__img ehp-zigzag__img has-shape-sharp shape-type-image\" src=\"https:\/\/www.gesoriaportaferrada.com\/wp-content\/uploads\/2019\/06\/Ermita-de-Sant-Elm.jpg\" title=\"Ermita de Sant Elm | Hotel Ges\u00f2ria Porta Ferrada\" alt=\"Ermita de Sant Elm | Hotel Ges\u00f2ria Porta Ferrada\" loading=\"lazy\" \/>\t\t\t<\/div>\n\t\t\t\t\t<\/div>\n\t\t\t\t<div class=\"ehp-zigzag__text-container is-graphic-image\">\n\t\t\t<h2 class=\"ehp-zigzag__title\">Ermita de Sant Elm<\/h2><p class=\"ehp-zigzag__description\">Se trata de una antigua ermita constru\u00edda sobreuna fortificaci\u00f3n que data del siglo XIII. El viajero puede llegar en coche hasta arriba, y puede disfrutar de unas vistas panor\u00e1micas desde el mismo lugar.<\/p>\t\t<div class=\"ehp-zigzag__button-container ehp-zigzag__button-container ehp-zigzag__button-container ehp-zigzag__button-container ehp-zigzag__button-container ehp-zigzag__button-container ehp-zigzag__button-container ehp-zigzag__button-container\">\n\t\t\t<a class=\"ehp-button ehp-button--primary ehp-zigzag__button ehp-zigzag__button--primary is-type-link\">\n\t\t\t\t<span class=\"ehp-zigzag__button-text\">Learn More<\/span>\t\t\t\t\t<\/a>\n\t\t<\/div>\n\t\t\t\t<\/div>\n\t\t\t\t\t\t\t<\/div>\n\t\t\t\t<\/div>\n\t\t\t\t\t\t\t<\/div>\n\t\t\t\t\t\t<\/div>\n\t\t\t\t<\/div>\n\t\t\t\t\t<\/div>\n\t\t<\/div>\n\t\t\t\t\t<\/div>\n\t\t<\/section>\n\t\t\t\t<\/div>","protected":false},"excerpt":{"rendered":"<p>Activitats Culturals Monestir de Sant Feliu de Gu\u00edxols La primera documentaci\u00f3 d&#8217;aquest monestir de l\u2019ordre benedictina, apareix l&#8217;any 968 per la concessi\u00f3 que el rei Lotari fa a l\u2019abat Sunyer, per poder regir, al mateix temps, els monestirs de Sant Pol de Mar i de Sant Feliu de Gu\u00edxols. L\u2019esgl\u00e9sia \u00e9s d&#8217;estil g\u00f2tic i una [&hellip;]<\/p>\n","protected":false},"author":7,"featured_media":2244,"parent":0,"menu_order":0,"comment_status":"closed","ping_status":"closed","template":"","meta":{"footnotes":""},"class_list":["post-700","page","type-page","status-publish","has-post-thumbnail","hentry"],"_links":{"self":[{"href":"https:\/\/www.gesoriaportaferrada.com\/es\/wp-json\/wp\/v2\/pages\/700","targetHints":{"allow":["GET"]}}],"collection":[{"href":"https:\/\/www.gesoriaportaferrada.com\/es\/wp-json\/wp\/v2\/pages"}],"about":[{"href":"https:\/\/www.gesoriaportaferrada.com\/es\/wp-json\/wp\/v2\/types\/page"}],"author":[{"embeddable":true,"href":"https:\/\/www.gesoriaportaferrada.com\/es\/wp-json\/wp\/v2\/users\/7"}],"replies":[{"embeddable":true,"href":"https:\/\/www.gesoriaportaferrada.com\/es\/wp-json\/wp\/v2\/comments?post=700"}],"version-history":[{"count":67,"href":"https:\/\/www.gesoriaportaferrada.com\/es\/wp-json\/wp\/v2\/pages\/700\/revisions"}],"predecessor-version":[{"id":4845,"href":"https:\/\/www.gesoriaportaferrada.com\/es\/wp-json\/wp\/v2\/pages\/700\/revisions\/4845"}],"wp:featuredmedia":[{"embeddable":true,"href":"https:\/\/www.gesoriaportaferrada.com\/es\/wp-json\/wp\/v2\/media\/2244"}],"wp:attachment":[{"href":"https:\/\/www.gesoriaportaferrada.com\/es\/wp-json\/wp\/v2\/media?parent=700"}],"curies":[{"name":"wp","href":"https:\/\/api.w.org\/{rel}","templated":true}]}}