{"id":700,"date":"2014-05-19T11:02:46","date_gmt":"2014-05-19T09:02:46","guid":{"rendered":"https:\/\/www.gesoriaportaferrada.com\/info\/?page_id=700"},"modified":"2026-03-28T12:47:50","modified_gmt":"2026-03-28T11:47:50","slug":"activitats-culturals","status":"publish","type":"page","link":"https:\/\/www.gesoriaportaferrada.com\/fr\/activitats-culturals\/","title":{"rendered":"Activit\u00e9s culturelles"},"content":{"rendered":"<div data-elementor-type=\"wp-post\" data-elementor-id=\"700\" class=\"elementor elementor-700\" data-elementor-post-type=\"page\">\n\t\t\t\t<div class=\"elementor-element elementor-element-0b5ebaf e-con-full e-flex e-con e-parent\" data-id=\"0b5ebaf\" data-element_type=\"container\" data-e-type=\"container\" data-settings=\"{&quot;background_background&quot;:&quot;classic&quot;}\">\n\t\t\t\t<div class=\"elementor-element elementor-element-f34f1c2 elementor-widget elementor-widget-heading\" data-id=\"f34f1c2\" data-element_type=\"widget\" data-e-type=\"widget\" data-widget_type=\"heading.default\">\n\t\t\t\t\t<h1 class=\"elementor-heading-title elementor-size-default\">Activit\u00e9s Culturelles<\/h1>\t\t\t\t<\/div>\n\t\t\t\t<\/div>\n\t\t\t\t<section class=\"elementor-section elementor-top-section elementor-element elementor-element-4582dd2 elementor-section-boxed elementor-section-height-default elementor-section-height-default\" data-id=\"4582dd2\" data-element_type=\"section\" data-e-type=\"section\">\n\t\t\t\t\t\t<div class=\"elementor-container elementor-column-gap-no\">\n\t\t\t\t\t<div class=\"elementor-column elementor-col-100 elementor-top-column elementor-element elementor-element-e22ed4f\" data-id=\"e22ed4f\" data-element_type=\"column\" data-e-type=\"column\">\n\t\t\t<div class=\"elementor-widget-wrap elementor-element-populated\">\n\t\t\t\t\t\t<div class=\"elementor-element elementor-element-46b4fa9 elementor-widget elementor-widget-zigzag\" data-id=\"46b4fa9\" data-element_type=\"widget\" data-e-type=\"widget\" data-settings=\"{&quot;image_shape&quot;:&quot;sharp&quot;}\" data-widget_type=\"zigzag.default\">\n\t\t\t\t<div class=\"elementor-widget-container\">\n\t\t\t\t\t\t\t<div class=\"ehp-zigzag has-direction-end\">\n\t\t\t\t\t\t\t<div class=\"ehp-zigzag__item-wrapper\">\n\t\t\t\t\t<div class=\"ehp-zigzag__item-container\">\n\t\t\t\t\t\t\t\t<div class=\"ehp-zigzag__graphic-element-container has-image\">\n\t\t\t\t\t\t<div class=\"ehp-image ehp-zigzag__image-container\">\n\t\t\t\t<img decoding=\"async\" class=\"ehp-image__img ehp-zigzag__img has-shape-sharp shape-type-image\" src=\"https:\/\/www.gesoriaportaferrada.com\/wp-content\/uploads\/2021\/06\/Monestir-Sant-Feliu-de-Guixols.jpg\" title=\"Monestir Sant Feliu de Gu\u00edxols\" alt=\"Monestir Sant Feliu de Gu\u00edxols\" loading=\"lazy\" \/>\t\t\t<\/div>\n\t\t\t\t\t<\/div>\n\t\t\t\t<div class=\"ehp-zigzag__text-container is-graphic-image\">\n\t\t\t<h2 class=\"ehp-zigzag__title\">Monast\u00e8re de Sant Feliu de Guixols<\/h2><p class=\"ehp-zigzag__description\">Le premier document de ce dit monast\u00e8re de l\u2019ordre des b\u00e9n\u00e9dictins appara\u00eet l\u2019an 968 dans la concession qu\u2019en fait le roi Lotari \u00e0 l\u2019abb\u00e9 Sunyer afin de r\u00e9genter en m\u00eame temps les monast\u00e8res de Sant Pol de Mar et de Sant Feliu de Guixols.\n\nL\u2019ensemble a souffert diff\u00e9rentes transformations durant son histoire : l\u2019\u00e9glise, de style gothique, poss\u00e8de une nef unique avec une croix et trois absides polygonales, plus un espace couvert avec vo\u00fbte en croix. Une partie de la nef est romane, avec des vo\u00fbtes blanches.\n\nLa base principale est d\u2019origine romane, assez bien restaur\u00e9e. Deux tours d\u2019origine romane sont sur les c\u00f4t\u00e9s: la tour du corn de base rectangulaire et la tour de la fum\u00e9e de base semicirculaire.<\/p>\t\t<\/div>\n\t\t\t\t\t\t\t<\/div>\n\t\t\t\t<\/div>\n\t\t\t\t\t\t\t\t<div class=\"ehp-zigzag__item-wrapper\">\n\t\t\t\t\t<div class=\"ehp-zigzag__item-container\">\n\t\t\t\t\t\t\t\t<div class=\"ehp-zigzag__graphic-element-container has-image\">\n\t\t\t\t\t\t<div class=\"ehp-image ehp-zigzag__image-container ehp-image ehp-zigzag__image-container\">\n\t\t\t\t<img decoding=\"async\" class=\"ehp-image__img ehp-zigzag__img has-shape-sharp shape-type-image\" src=\"https:\/\/www.gesoriaportaferrada.com\/wp-content\/uploads\/2019\/06\/Pedralta.jpg\" title=\"Pedralta | Hotel Ges\u00f2ria Porta Ferrada\" alt=\"Pedralta | Hotel Ges\u00f2ria Porta Ferrada\" loading=\"lazy\" \/>\t\t\t<\/div>\n\t\t\t\t\t<\/div>\n\t\t\t\t<div class=\"ehp-zigzag__text-container is-graphic-image\">\n\t\t\t<h2 class=\"ehp-zigzag__title\">Pedralta<\/h2><p class=\"ehp-zigzag__description\">Il s\u2019agit de la pierre basculante la plus grande d\u2019Europe. Elle est situ\u00e9e entre les communes de Santa Cristina d\u2019Aro et de Sant Feliu de Guixols.<\/p>\t\t<\/div>\n\t\t\t\t\t\t\t<\/div>\n\t\t\t\t<\/div>\n\t\t\t\t\t\t\t\t<div class=\"ehp-zigzag__item-wrapper\">\n\t\t\t\t\t<div class=\"ehp-zigzag__item-container\">\n\t\t\t\t\t\t\t\t<div class=\"ehp-zigzag__graphic-element-container has-image\">\n\t\t\t\t\t\t<div class=\"ehp-image ehp-zigzag__image-container ehp-image ehp-zigzag__image-container ehp-image ehp-zigzag__image-container\">\n\t\t\t\t<img decoding=\"async\" class=\"ehp-image__img ehp-zigzag__img has-shape-sharp shape-type-image\" src=\"https:\/\/www.gesoriaportaferrada.com\/wp-content\/uploads\/2019\/06\/Passeig-mar\u00edtim-Sant-Feliu-de-Gu\u00edxols.jpg\" title=\"Passeig mar\u00edtim Sant Feliu de Gu\u00edxols | Hotel Ges\u00f2ria Porta Ferrada\" alt=\"Passeig mar\u00edtim Sant Feliu de Gu\u00edxols | Hotel Ges\u00f2ria Porta Ferrada\" loading=\"lazy\" \/>\t\t\t<\/div>\n\t\t\t\t\t<\/div>\n\t\t\t\t<div class=\"ehp-zigzag__text-container is-graphic-image\">\n\t\t\t<h2 class=\"ehp-zigzag__title\">La Promenade maritime<\/h2><p class=\"ehp-zigzag__description\">Ouvert en 1833 entre l\u2019ancienne cit\u00e9 m\u00e9di\u00e9vale et la plage. Petit \u00e0 petit ce grand espace urbain am\u00e9nag\u00e9 en promenade, plant\u00e9 d\u2019arbres, se remplit de maisons seigneuriales qui remplac\u00e8rent les anciennes maisons de p\u00eacheurs.<\/p>\t\t<div class=\"ehp-zigzag__button-container\">\n\t\t\t<a class=\"ehp-button ehp-button--primary ehp-zigzag__button ehp-zigzag__button--primary is-type-link\">\n\t\t\t\t<span class=\"ehp-zigzag__button-text\">Learn More<\/span>\t\t\t\t\t<\/a>\n\t\t<\/div>\n\t\t\t\t<\/div>\n\t\t\t\t\t\t\t<\/div>\n\t\t\t\t<\/div>\n\t\t\t\t\t\t\t\t<div class=\"ehp-zigzag__item-wrapper\">\n\t\t\t\t\t<div class=\"ehp-zigzag__item-container\">\n\t\t\t\t\t\t\t\t<div class=\"ehp-zigzag__graphic-element-container has-image\">\n\t\t\t\t\t\t<div class=\"ehp-image ehp-zigzag__image-container ehp-image ehp-zigzag__image-container ehp-image ehp-zigzag__image-container ehp-image ehp-zigzag__image-container\">\n\t\t\t\t<img decoding=\"async\" class=\"ehp-image__img ehp-zigzag__img has-shape-sharp shape-type-image\" src=\"https:\/\/www.gesoriaportaferrada.com\/wp-content\/uploads\/2019\/06\/Casino-La-Constancia.jpg\" title=\"Casino La Constancia | Hotel Ges\u00f2ria Porta Ferrada\" alt=\"Casino La Constancia | Hotel Ges\u00f2ria Porta Ferrada\" loading=\"lazy\" \/>\t\t\t<\/div>\n\t\t\t\t\t<\/div>\n\t\t\t\t<div class=\"ehp-zigzag__text-container is-graphic-image\">\n\t\t\t<h2 class=\"ehp-zigzag__title\">Casino La Constancia<\/h2><p class=\"ehp-zigzag__description\">Institution log\u00e9e dans un immeuble moderniste mozarabe, plus Cornu sous le nom de Casino dels Nois. L\u00e9difice du casino fut construit par l\u2019architecte g\u00e9n\u00e9ral Guitart en 1888.<\/p>\t\t<div class=\"ehp-zigzag__button-container ehp-zigzag__button-container\">\n\t\t\t<a class=\"ehp-button ehp-button--primary ehp-zigzag__button ehp-zigzag__button--primary is-type-link\">\n\t\t\t\t<span class=\"ehp-zigzag__button-text\">Learn More<\/span>\t\t\t\t\t<\/a>\n\t\t<\/div>\n\t\t\t\t<\/div>\n\t\t\t\t\t\t\t<\/div>\n\t\t\t\t<\/div>\n\t\t\t\t\t\t\t\t<div class=\"ehp-zigzag__item-wrapper\">\n\t\t\t\t\t<div class=\"ehp-zigzag__item-container\">\n\t\t\t\t\t\t\t\t<div class=\"ehp-zigzag__graphic-element-container has-image\">\n\t\t\t\t\t\t<div class=\"ehp-image ehp-zigzag__image-container ehp-image ehp-zigzag__image-container ehp-image ehp-zigzag__image-container ehp-image ehp-zigzag__image-container ehp-image ehp-zigzag__image-container\">\n\t\t\t\t<img decoding=\"async\" class=\"ehp-image__img ehp-zigzag__img has-shape-sharp shape-type-image\" src=\"https:\/\/www.gesoriaportaferrada.com\/wp-content\/uploads\/2019\/06\/Casa-Patxot.jpg\" title=\"Casa Patxot | Hotel Ges\u00f2ria Porta Ferrada\" alt=\"Casa Patxot | Hotel Ges\u00f2ria Porta Ferrada\" loading=\"lazy\" \/>\t\t\t<\/div>\n\t\t\t\t\t<\/div>\n\t\t\t\t<div class=\"ehp-zigzag__text-container is-graphic-image\">\n\t\t\t<h2 class=\"ehp-zigzag__title\">La casa Patxot<\/h2><p class=\"ehp-zigzag__description\">Situ\u00e9e au num\u00e9ro 40 de la promenade de la mer, maison du riche industriel Rafael Patxot qui fut construite entre 1917 et 1920 par l\u2019architecte Albert Jean Torner.\nIl s\u2019agit de la maison seigneuriale la mieux conserv\u00e9e, ce fut longtemps la plus luxueuse de la ville. Patxot y installa son observatoire d\u2019astronomie.\nActuellement s\u2019y trouve la chambre de commerce, d\u2019industrie et de navigation de Sant Feliu de Guixols.<\/p>\t\t<div class=\"ehp-zigzag__button-container ehp-zigzag__button-container ehp-zigzag__button-container\">\n\t\t\t<a class=\"ehp-button ehp-button--primary ehp-zigzag__button ehp-zigzag__button--primary is-type-link\">\n\t\t\t\t<span class=\"ehp-zigzag__button-text\">Learn More<\/span>\t\t\t\t\t<\/a>\n\t\t<\/div>\n\t\t\t\t<\/div>\n\t\t\t\t\t\t\t<\/div>\n\t\t\t\t<\/div>\n\t\t\t\t\t\t\t\t<div class=\"ehp-zigzag__item-wrapper\">\n\t\t\t\t\t<div class=\"ehp-zigzag__item-container\">\n\t\t\t\t\t\t\t\t<div class=\"ehp-zigzag__graphic-element-container has-image\">\n\t\t\t\t\t\t<div class=\"ehp-image ehp-zigzag__image-container ehp-image ehp-zigzag__image-container ehp-image ehp-zigzag__image-container ehp-image ehp-zigzag__image-container ehp-image ehp-zigzag__image-container ehp-image ehp-zigzag__image-container\">\n\t\t\t\t<img decoding=\"async\" class=\"ehp-image__img ehp-zigzag__img has-shape-sharp shape-type-image\" src=\"https:\/\/www.gesoriaportaferrada.com\/wp-content\/uploads\/2019\/06\/El-Salvament.jpg\" title=\"El Salvament | Hotel Ges\u00f2ria Porta Ferrada\" alt=\"El Salvament | Hotel Ges\u00f2ria Porta Ferrada\" loading=\"lazy\" \/>\t\t\t<\/div>\n\t\t\t\t\t<\/div>\n\t\t\t\t<div class=\"ehp-zigzag__text-container is-graphic-image\">\n\t\t\t<h2 class=\"ehp-zigzag__title\">El Salvament<\/h2><p class=\"ehp-zigzag__description\">C'est une ancienne station de sauvetage que se trouve \u00e0 cot\u00e9 du port de Sant Feliu de Gu\u00edxols. F\u00fbt construite au XIX si\u00e8cle, est prot\u00e9g\u00e9e comme un bien culturel d'int\u00e9r\u00eat local. A l'heure actuelle abrite un Mus\u00e9e de Sauvetage Maritime.<\/p>\t\t<div class=\"ehp-zigzag__button-container ehp-zigzag__button-container ehp-zigzag__button-container ehp-zigzag__button-container\">\n\t\t\t<a class=\"ehp-button ehp-button--primary ehp-zigzag__button ehp-zigzag__button--primary is-type-link\">\n\t\t\t\t<span class=\"ehp-zigzag__button-text\">Learn More<\/span>\t\t\t\t\t<\/a>\n\t\t<\/div>\n\t\t\t\t<\/div>\n\t\t\t\t\t\t\t<\/div>\n\t\t\t\t<\/div>\n\t\t\t\t\t\t\t\t<div class=\"ehp-zigzag__item-wrapper\">\n\t\t\t\t\t<div class=\"ehp-zigzag__item-container\">\n\t\t\t\t\t\t\t\t<div class=\"ehp-zigzag__graphic-element-container has-image\">\n\t\t\t\t\t\t<div class=\"ehp-image ehp-zigzag__image-container ehp-image ehp-zigzag__image-container ehp-image ehp-zigzag__image-container ehp-image ehp-zigzag__image-container ehp-image ehp-zigzag__image-container ehp-image ehp-zigzag__image-container ehp-image ehp-zigzag__image-container\">\n\t\t\t\t<img decoding=\"async\" class=\"ehp-image__img ehp-zigzag__img has-shape-sharp shape-type-image\" src=\"https:\/\/www.gesoriaportaferrada.com\/wp-content\/uploads\/2019\/06\/Ajuntament.jpg\" title=\"Ajuntament | Hotel Ges\u00f2ria Porta Ferrada\" alt=\"Ajuntament | Hotel Ges\u00f2ria Porta Ferrada\" loading=\"lazy\" \/>\t\t\t<\/div>\n\t\t\t\t\t<\/div>\n\t\t\t\t<div class=\"ehp-zigzag__text-container is-graphic-image\">\n\t\t\t<h2 class=\"ehp-zigzag__title\">La Mairie<\/h2><p class=\"ehp-zigzag__description\">Construit en 1547 avec des formes sobres et un style gothique renaissance, l\u2019h\u00f4tel de ville a surv\u00e9cu \u00e0 toutes les destructions guerri\u00e8res et \u00e0 la sp\u00e9culation immobili\u00e8re. On a rajout\u00e9 une tour \u00e0 l\u2019\u00e9difice en 1847 et un agrandissement a \u00e9t\u00e9 effectu\u00e9 apr\u00e8s les ann\u00e9es 40 et 50 du XX\u00b0 si\u00e8cle.<\/p>\t\t<div class=\"ehp-zigzag__button-container ehp-zigzag__button-container ehp-zigzag__button-container ehp-zigzag__button-container ehp-zigzag__button-container\">\n\t\t\t<a class=\"ehp-button ehp-button--primary ehp-zigzag__button ehp-zigzag__button--primary is-type-link\">\n\t\t\t\t<span class=\"ehp-zigzag__button-text\">Learn More<\/span>\t\t\t\t\t<\/a>\n\t\t<\/div>\n\t\t\t\t<\/div>\n\t\t\t\t\t\t\t<\/div>\n\t\t\t\t<\/div>\n\t\t\t\t\t\t\t\t<div class=\"ehp-zigzag__item-wrapper\">\n\t\t\t\t\t<div class=\"ehp-zigzag__item-container\">\n\t\t\t\t\t\t\t\t<div class=\"ehp-zigzag__graphic-element-container has-image\">\n\t\t\t\t\t\t<div class=\"ehp-image ehp-zigzag__image-container ehp-image ehp-zigzag__image-container ehp-image ehp-zigzag__image-container ehp-image ehp-zigzag__image-container ehp-image ehp-zigzag__image-container ehp-image ehp-zigzag__image-container ehp-image ehp-zigzag__image-container ehp-image ehp-zigzag__image-container\">\n\t\t\t\t<img decoding=\"async\" class=\"ehp-image__img ehp-zigzag__img has-shape-sharp shape-type-image\" src=\"https:\/\/www.gesoriaportaferrada.com\/wp-content\/uploads\/2019\/06\/Espai-Carmen-Thyssen.jpg\" title=\"Espai Carmen Thyssen | Hotel Ges\u00f2ria Porta Ferrada\" alt=\"Espai Carmen Thyssen | Hotel Ges\u00f2ria Porta Ferrada\" loading=\"lazy\" \/>\t\t\t<\/div>\n\t\t\t\t\t<\/div>\n\t\t\t\t<div class=\"ehp-zigzag__text-container is-graphic-image\">\n\t\t\t<h2 class=\"ehp-zigzag__title\">Espace Carmen Thyssen<\/h2><p class=\"ehp-zigzag__description\">L'Espace Carmen Thyssen rassemble la volont\u00e9 de la Mairie et de Carmen Thyssen-Bornemisza de doter Sant Feliu de Gu\u00edxols d'un espace pour exhiber la collection personnelle de la baronne.\n\nIl expose le travail d'artistes nationaux et internationaux que l'on ne trouve dans aucune institution de mus\u00e9e catalan. Le projet se mat\u00e9rialise en forme d'une programmation continue d'expositions temporaires.<\/p>\t\t<div class=\"ehp-zigzag__button-container ehp-zigzag__button-container ehp-zigzag__button-container ehp-zigzag__button-container ehp-zigzag__button-container ehp-zigzag__button-container\">\n\t\t\t<a class=\"ehp-button ehp-button--primary ehp-zigzag__button ehp-zigzag__button--primary is-type-link\">\n\t\t\t\t<span class=\"ehp-zigzag__button-text\">Learn More<\/span>\t\t\t\t\t<\/a>\n\t\t<\/div>\n\t\t\t\t<\/div>\n\t\t\t\t\t\t\t<\/div>\n\t\t\t\t<\/div>\n\t\t\t\t\t\t\t\t<div class=\"ehp-zigzag__item-wrapper\">\n\t\t\t\t\t<div class=\"ehp-zigzag__item-container\">\n\t\t\t\t\t\t\t\t<div class=\"ehp-zigzag__graphic-element-container has-image\">\n\t\t\t\t\t\t<div class=\"ehp-image ehp-zigzag__image-container ehp-image ehp-zigzag__image-container ehp-image ehp-zigzag__image-container ehp-image ehp-zigzag__image-container ehp-image ehp-zigzag__image-container ehp-image ehp-zigzag__image-container ehp-image ehp-zigzag__image-container ehp-image ehp-zigzag__image-container ehp-image ehp-zigzag__image-container\">\n\t\t\t\t<img decoding=\"async\" class=\"ehp-image__img ehp-zigzag__img has-shape-sharp shape-type-image\" src=\"https:\/\/www.gesoriaportaferrada.com\/wp-content\/uploads\/2019\/06\/Cova-den-Daina.jpg\" title=\"Cova de&#8217;n Daina | Hotel Ges\u00f2ria Porta Ferrada\" alt=\"Cova de&#039;n Daina | Hotel Ges\u00f2ria Porta Ferrada\" loading=\"lazy\" \/>\t\t\t<\/div>\n\t\t\t\t\t<\/div>\n\t\t\t\t<div class=\"ehp-zigzag__text-container is-graphic-image\">\n\t\t\t<h2 class=\"ehp-zigzag__title\">Grotte de Daina<\/h2><p class=\"ehp-zigzag__description\">La grotte de Daina est un dolmen en granite de grandes dimensions, construit entre 2700 et 2200 ans avant J.C., pr\u00e8s du village de Romany\u00e0 de la for\u00eat (Bas Ampurdan).\n\nL\u2019enceinte m\u00e9galithique est prot\u00e9g\u00e9e par un Cromlech en forme d\u2019anneau externe de 11 m\u00e8tres de diam\u00e8tre, form\u00e9 par de grandes pierres granitiques, un couloir principal qui va d\u2019Est en Ouest et un tas de terre qui servent de contrefort \u00e0 la chambre s\u00e9pulcrale du centre.<\/p>\t\t<div class=\"ehp-zigzag__button-container ehp-zigzag__button-container ehp-zigzag__button-container ehp-zigzag__button-container ehp-zigzag__button-container ehp-zigzag__button-container ehp-zigzag__button-container\">\n\t\t\t<a class=\"ehp-button ehp-button--primary ehp-zigzag__button ehp-zigzag__button--primary is-type-link\">\n\t\t\t\t<span class=\"ehp-zigzag__button-text\">Learn More<\/span>\t\t\t\t\t<\/a>\n\t\t<\/div>\n\t\t\t\t<\/div>\n\t\t\t\t\t\t\t<\/div>\n\t\t\t\t<\/div>\n\t\t\t\t\t\t\t\t<div class=\"ehp-zigzag__item-wrapper\">\n\t\t\t\t\t<div class=\"ehp-zigzag__item-container\">\n\t\t\t\t\t\t\t\t<div class=\"ehp-zigzag__graphic-element-container has-image\">\n\t\t\t\t\t\t<div class=\"ehp-image ehp-zigzag__image-container ehp-image ehp-zigzag__image-container ehp-image ehp-zigzag__image-container ehp-image ehp-zigzag__image-container ehp-image ehp-zigzag__image-container ehp-image ehp-zigzag__image-container ehp-image ehp-zigzag__image-container ehp-image ehp-zigzag__image-container ehp-image ehp-zigzag__image-container ehp-image ehp-zigzag__image-container\">\n\t\t\t\t<img decoding=\"async\" class=\"ehp-image__img ehp-zigzag__img has-shape-sharp shape-type-image\" src=\"https:\/\/www.gesoriaportaferrada.com\/wp-content\/uploads\/2019\/06\/Ermita-de-Sant-Elm.jpg\" title=\"Ermita de Sant Elm | Hotel Ges\u00f2ria Porta Ferrada\" alt=\"Ermita de Sant Elm | Hotel Ges\u00f2ria Porta Ferrada\" loading=\"lazy\" \/>\t\t\t<\/div>\n\t\t\t\t\t<\/div>\n\t\t\t\t<div class=\"ehp-zigzag__text-container is-graphic-image\">\n\t\t\t<h2 class=\"ehp-zigzag__title\">L'ermitage de Sant Elm<\/h2><p class=\"ehp-zigzag__description\">Il s'ag\u00eet d'une petite \u00e9glise construite en haut d\u00b4une fortification datant du XIII si\u00e8cle. On peut y arriver facilement en voiture et jouir de tr\u00e8s belles vues panoramiques.<\/p>\t\t<div class=\"ehp-zigzag__button-container ehp-zigzag__button-container ehp-zigzag__button-container ehp-zigzag__button-container ehp-zigzag__button-container ehp-zigzag__button-container ehp-zigzag__button-container ehp-zigzag__button-container\">\n\t\t\t<a class=\"ehp-button ehp-button--primary ehp-zigzag__button ehp-zigzag__button--primary is-type-link\">\n\t\t\t\t<span class=\"ehp-zigzag__button-text\">Learn More<\/span>\t\t\t\t\t<\/a>\n\t\t<\/div>\n\t\t\t\t<\/div>\n\t\t\t\t\t\t\t<\/div>\n\t\t\t\t<\/div>\n\t\t\t\t\t\t\t<\/div>\n\t\t\t\t\t\t<\/div>\n\t\t\t\t<\/div>\n\t\t\t\t\t<\/div>\n\t\t<\/div>\n\t\t\t\t\t<\/div>\n\t\t<\/section>\n\t\t\t\t<\/div>","protected":false},"excerpt":{"rendered":"<p>Activitats Culturals Monestir de Sant Feliu de Gu\u00edxols La primera documentaci\u00f3 d&#8217;aquest monestir de l\u2019ordre benedictina, apareix l&#8217;any 968 per la concessi\u00f3 que el rei Lotari fa a l\u2019abat Sunyer, per poder regir, al mateix temps, els monestirs de Sant Pol de Mar i de Sant Feliu de Gu\u00edxols. L\u2019esgl\u00e9sia \u00e9s d&#8217;estil g\u00f2tic i una [&hellip;]<\/p>\n","protected":false},"author":7,"featured_media":2244,"parent":0,"menu_order":0,"comment_status":"closed","ping_status":"closed","template":"","meta":{"footnotes":""},"class_list":["post-700","page","type-page","status-publish","has-post-thumbnail","hentry"],"_links":{"self":[{"href":"https:\/\/www.gesoriaportaferrada.com\/fr\/wp-json\/wp\/v2\/pages\/700","targetHints":{"allow":["GET"]}}],"collection":[{"href":"https:\/\/www.gesoriaportaferrada.com\/fr\/wp-json\/wp\/v2\/pages"}],"about":[{"href":"https:\/\/www.gesoriaportaferrada.com\/fr\/wp-json\/wp\/v2\/types\/page"}],"author":[{"embeddable":true,"href":"https:\/\/www.gesoriaportaferrada.com\/fr\/wp-json\/wp\/v2\/users\/7"}],"replies":[{"embeddable":true,"href":"https:\/\/www.gesoriaportaferrada.com\/fr\/wp-json\/wp\/v2\/comments?post=700"}],"version-history":[{"count":67,"href":"https:\/\/www.gesoriaportaferrada.com\/fr\/wp-json\/wp\/v2\/pages\/700\/revisions"}],"predecessor-version":[{"id":4845,"href":"https:\/\/www.gesoriaportaferrada.com\/fr\/wp-json\/wp\/v2\/pages\/700\/revisions\/4845"}],"wp:featuredmedia":[{"embeddable":true,"href":"https:\/\/www.gesoriaportaferrada.com\/fr\/wp-json\/wp\/v2\/media\/2244"}],"wp:attachment":[{"href":"https:\/\/www.gesoriaportaferrada.com\/fr\/wp-json\/wp\/v2\/media?parent=700"}],"curies":[{"name":"wp","href":"https:\/\/api.w.org\/{rel}","templated":true}]}}